{"id":421,"date":"2022-03-04T00:35:10","date_gmt":"2022-03-03T23:35:10","guid":{"rendered":"https:\/\/natura2000.nfga.de\/gik\/?page_id=421"},"modified":"2023-01-09T13:27:34","modified_gmt":"2023-01-09T12:27:34","slug":"aktuelles","status":"publish","type":"page","link":"https:\/\/natura2000.nfga.de\/gik\/aktuelles\/","title":{"rendered":"Aktuelles"},"content":{"rendered":"\t\t<div data-elementor-type=\"wp-post\" data-elementor-id=\"421\" class=\"elementor elementor-421\">\n\t\t\t\t\t\t<section class=\"elementor-section elementor-top-section elementor-element elementor-element-0c5476a elementor-section-full_width elementor-hidden-phone elementor-section-height-default elementor-section-height-default\" data-id=\"0c5476a\" data-element_type=\"section\" data-settings=\"{&quot;jet_parallax_layout_list&quot;:[{&quot;jet_parallax_layout_image&quot;:{&quot;url&quot;:&quot;&quot;,&quot;id&quot;:&quot;&quot;,&quot;size&quot;:&quot;&quot;},&quot;_id&quot;:&quot;5c46d12&quot;,&quot;jet_parallax_layout_speed&quot;:{&quot;unit&quot;:&quot;%&quot;,&quot;size&quot;:&quot;50&quot;,&quot;sizes&quot;:[]},&quot;jet_parallax_layout_bg_x&quot;:&quot;50&quot;,&quot;jet_parallax_layout_bg_y&quot;:&quot;50&quot;,&quot;jet_parallax_layout_image_tablet&quot;:{&quot;url&quot;:&quot;&quot;,&quot;id&quot;:&quot;&quot;,&quot;size&quot;:&quot;&quot;},&quot;jet_parallax_layout_image_mobile&quot;:{&quot;url&quot;:&quot;&quot;,&quot;id&quot;:&quot;&quot;,&quot;size&quot;:&quot;&quot;},&quot;jet_parallax_layout_type&quot;:&quot;scroll&quot;,&quot;jet_parallax_layout_direction&quot;:null,&quot;jet_parallax_layout_fx_direction&quot;:null,&quot;jet_parallax_layout_z_index&quot;:&quot;&quot;,&quot;jet_parallax_layout_bg_x_tablet&quot;:&quot;&quot;,&quot;jet_parallax_layout_bg_x_mobile&quot;:&quot;&quot;,&quot;jet_parallax_layout_bg_y_tablet&quot;:&quot;&quot;,&quot;jet_parallax_layout_bg_y_mobile&quot;:&quot;&quot;,&quot;jet_parallax_layout_bg_size&quot;:&quot;auto&quot;,&quot;jet_parallax_layout_bg_size_tablet&quot;:&quot;&quot;,&quot;jet_parallax_layout_bg_size_mobile&quot;:&quot;&quot;,&quot;jet_parallax_layout_animation_prop&quot;:&quot;transform&quot;,&quot;jet_parallax_layout_on&quot;:[&quot;desktop&quot;,&quot;tablet&quot;]}]}\">\n\t\t\t\t\t\t<div class=\"elementor-container elementor-column-gap-no\">\n\t\t\t\t\t<div class=\"elementor-column elementor-col-100 elementor-top-column elementor-element elementor-element-7c72af7\" data-id=\"7c72af7\" data-element_type=\"column\">\n\t\t\t<div class=\"elementor-widget-wrap\">\n\t\t\t\t\t\t\t<\/div>\n\t\t<\/div>\n\t\t\t\t\t<\/div>\n\t\t<\/section>\n\t\t\t\t<section class=\"elementor-section elementor-top-section elementor-element elementor-element-4db47326 elementor-section-full_width elementor-section-height-min-height elementor-section-height-default elementor-section-items-middle\" data-id=\"4db47326\" data-element_type=\"section\" data-settings=\"{&quot;jet_parallax_layout_list&quot;:[{&quot;_id&quot;:&quot;50143ef&quot;,&quot;jet_parallax_layout_image&quot;:{&quot;url&quot;:&quot;&quot;,&quot;id&quot;:&quot;&quot;,&quot;size&quot;:&quot;&quot;},&quot;jet_parallax_layout_image_tablet&quot;:{&quot;url&quot;:&quot;&quot;,&quot;id&quot;:&quot;&quot;,&quot;size&quot;:&quot;&quot;},&quot;jet_parallax_layout_image_mobile&quot;:{&quot;url&quot;:&quot;&quot;,&quot;id&quot;:&quot;&quot;,&quot;size&quot;:&quot;&quot;},&quot;jet_parallax_layout_speed&quot;:{&quot;unit&quot;:&quot;%&quot;,&quot;size&quot;:50,&quot;sizes&quot;:[]},&quot;jet_parallax_layout_type&quot;:&quot;scroll&quot;,&quot;jet_parallax_layout_direction&quot;:null,&quot;jet_parallax_layout_fx_direction&quot;:null,&quot;jet_parallax_layout_z_index&quot;:&quot;&quot;,&quot;jet_parallax_layout_bg_x&quot;:50,&quot;jet_parallax_layout_bg_x_tablet&quot;:&quot;&quot;,&quot;jet_parallax_layout_bg_x_mobile&quot;:&quot;&quot;,&quot;jet_parallax_layout_bg_y&quot;:50,&quot;jet_parallax_layout_bg_y_tablet&quot;:&quot;&quot;,&quot;jet_parallax_layout_bg_y_mobile&quot;:&quot;&quot;,&quot;jet_parallax_layout_bg_size&quot;:&quot;auto&quot;,&quot;jet_parallax_layout_bg_size_tablet&quot;:&quot;&quot;,&quot;jet_parallax_layout_bg_size_mobile&quot;:&quot;&quot;,&quot;jet_parallax_layout_animation_prop&quot;:&quot;transform&quot;,&quot;jet_parallax_layout_on&quot;:[&quot;desktop&quot;,&quot;tablet&quot;]}]}\">\n\t\t\t\t\t\t<div class=\"elementor-container elementor-column-gap-no\">\n\t\t\t\t\t<div class=\"elementor-column elementor-col-100 elementor-top-column elementor-element elementor-element-3dcf16a8\" data-id=\"3dcf16a8\" data-element_type=\"column\">\n\t\t\t<div class=\"elementor-widget-wrap elementor-element-populated\">\n\t\t\t\t\t\t<div class=\"elementor-element elementor-element-17669bc5 elementor-widget elementor-widget-jet-slider\" data-id=\"17669bc5\" data-element_type=\"widget\" data-settings=\"{&quot;slider_height_tablet&quot;:{&quot;unit&quot;:&quot;px&quot;,&quot;size&quot;:&quot;400&quot;,&quot;sizes&quot;:[]},&quot;slider_height_mobile&quot;:{&quot;unit&quot;:&quot;px&quot;,&quot;size&quot;:&quot;200&quot;,&quot;sizes&quot;:[]},&quot;slider_height&quot;:{&quot;unit&quot;:&quot;px&quot;,&quot;size&quot;:&quot;550&quot;,&quot;sizes&quot;:[]}}\" data-widget_type=\"jet-slider.default\">\n\t\t\t\t<div class=\"elementor-widget-container\">\n\t\t\t<div class=\"elementor-jet-slider jet-elements\">\n<div class=\"jet-slider jet-slider__image-exact\" data-settings='{\"sliderWidth\":{\"unit\":\"%\",\"size\":100,\"sizes\":[]},\"sliderHeight\":{\"unit\":\"px\",\"size\":\"550\",\"sizes\":[]},\"sliderNavigation\":false,\"sliderNavigationIcon\":\"jet-slider__arrow-icon-17669bc5\",\"sliderNaviOnHover\":false,\"sliderPagination\":false,\"sliderAutoplay\":false,\"sliderAutoplayDelay\":5000,\"sliderAutoplayOnHover\":\"pause\",\"sliderFullScreen\":false,\"sliderFullscreenIcon\":\"jet-slider__fullscreen-icon-17669bc5\",\"sliderShuffle\":false,\"sliderLoop\":false,\"sliderFadeMode\":false,\"slideDistance\":{\"unit\":\"px\",\"size\":\"0\",\"sizes\":[]},\"slideDuration\":500,\"imageScaleMode\":\"exact\",\"thumbnails\":false,\"thumbnailWidth\":120,\"thumbnailHeight\":80,\"rightToLeft\":false,\"touchswipe\":false,\"fractionPag\":false}'>\n\t\n<div  class=\"slider-pro\"><div class=\"jet-slider__arrow-icon-17669bc5 hidden-html\"><\/div><div class=\"jet-slider__fullscreen-icon-17669bc5 hidden-html\"><\/div><div class=\"jet-slider__items sp-slides\">\n\n\n<div  class=\"jet-slider__item sp-slide elementor-repeater-item-2cbce88\"><img decoding=\"async\" class=\"sp-image\" src=\"https:\/\/natura2000.nfga.de\/gik\/wp-content\/uploads\/sites\/4\/2022\/03\/Header_Windelschnecke.jpg\" alt=\"Header_Windelschnecke\" loading=\"lazy\"><div class=\"jet-slider__content sp-layer \" data-position=\"centerCenter\" data-width=\"100%\" data-height=\"100%\" data-horizontal=\"0%\" data-show-transition=\"none\" data-show-duration=\"400\" data-show-delay=\"400\" >\n\t\t<div class=\"jet-slider__content-item\">\n\t\t\t<div class=\"jet-slider__content-inner\">\n\t\t\t\t\t\t<div class=\"jet-slider__button-wrapper\">\t\t\t\t\t\t<\/div><\/div>\n\t\t<\/div>\n\t\t\t<\/div>\n<\/div>\n\n<\/div>\n<\/div>\n<\/div>\n<\/div>\t\t<\/div>\n\t\t\t\t<\/div>\n\t\t\t\t\t<\/div>\n\t\t<\/div>\n\t\t\t\t\t<\/div>\n\t\t<\/section>\n\t\t\t\t<section class=\"elementor-section elementor-top-section elementor-element elementor-element-2584b67 elementor-section-boxed elementor-section-height-default elementor-section-height-default\" data-id=\"2584b67\" data-element_type=\"section\" data-settings=\"{&quot;jet_parallax_layout_list&quot;:[],&quot;background_background&quot;:&quot;classic&quot;}\">\n\t\t\t\t\t\t\t<div class=\"elementor-background-overlay\"><\/div>\n\t\t\t\t\t\t\t<div class=\"elementor-container elementor-column-gap-default\">\n\t\t\t\t\t<div class=\"elementor-column elementor-col-33 elementor-top-column elementor-element elementor-element-db4bc49\" data-id=\"db4bc49\" data-element_type=\"column\">\n\t\t\t<div class=\"elementor-widget-wrap\">\n\t\t\t\t\t\t\t<\/div>\n\t\t<\/div>\n\t\t\t\t<div class=\"elementor-column elementor-col-33 elementor-top-column elementor-element elementor-element-f6af249\" data-id=\"f6af249\" data-element_type=\"column\">\n\t\t\t<div class=\"elementor-widget-wrap elementor-element-populated\">\n\t\t\t\t\t\t<div class=\"elementor-element elementor-element-af163bf elementor-position-top elementor-widget elementor-widget-image-box\" data-id=\"af163bf\" data-element_type=\"widget\" data-widget_type=\"image-box.default\">\n\t\t\t\t<div class=\"elementor-widget-container\">\n\t\t\t<div class=\"elementor-image-box-wrapper\"><figure class=\"elementor-image-box-img\"><img decoding=\"async\" width=\"87\" height=\"86\" src=\"https:\/\/natura2000.nfga.de\/gik\/wp-content\/uploads\/sites\/4\/2022\/03\/Icons_Headlines_GIK-News.png\" class=\"attachment-full size-full wp-image-1544\" alt=\"\" \/><\/figure><div class=\"elementor-image-box-content\"><h3 class=\"elementor-image-box-title\">Aktuelles<\/h3><\/div><\/div>\t\t<\/div>\n\t\t\t\t<\/div>\n\t\t\t\t<div class=\"elementor-element elementor-element-1ac5068 elementor-widget elementor-widget-raven-posts\" data-id=\"1ac5068\" data-element_type=\"widget\" data-settings=\"{&quot;query_posts_per_page&quot;:&quot;-1&quot;,&quot;_skin&quot;:&quot;classic&quot;,&quot;classic_layout&quot;:&quot;grid&quot;,&quot;classic_columns&quot;:&quot;3&quot;,&quot;classic_columns_tablet&quot;:&quot;2&quot;,&quot;classic_columns_mobile&quot;:&quot;1&quot;,&quot;query_offset&quot;:0}\" data-widget_type=\"raven-posts.classic\">\n\t\t\t\t<div class=\"elementor-widget-container\">\n\t\t\t\t\t<div class=\"raven-posts raven-grid raven-grid-3 raven-grid-mobile-1 raven-grid-tablet-2\" data-post-id=\"421\" data-archive-query=\"\" data-lang=\"\">\n\t\t\t\t<div class=\"raven-grid-item raven-post-item post-3358 post type-post status-publish format-standard has-post-thumbnail hentry category-allgemein\">\n\t\t\t<div class=\"raven-post\">\n\t\t\t\t\t\t<div class=\"raven-post-image-wrap\">\n\t\t\t<a class=\"raven-post-image raven-image-fit\" href=\"https:\/\/natura2000.nfga.de\/gik\/gemeinsam-voegel-entdecken-rund-um-den-seeberg-mitmachaktion-am-6-juni-2026\/\"><img fetchpriority=\"high\" decoding=\"async\" width=\"1024\" height=\"577\" src=\"https:\/\/natura2000.nfga.de\/gik\/wp-content\/uploads\/sites\/4\/2026\/04\/Foto-Birdblitz-Nicola_Schoening_2-1024x577.jpg\" class=\"attachment-large size-large wp-image-3359\" alt=\"\" srcset=\"https:\/\/natura2000.nfga.de\/gik\/wp-content\/uploads\/sites\/4\/2026\/04\/Foto-Birdblitz-Nicola_Schoening_2-1024x577.jpg 1024w, https:\/\/natura2000.nfga.de\/gik\/wp-content\/uploads\/sites\/4\/2026\/04\/Foto-Birdblitz-Nicola_Schoening_2-300x169.jpg 300w, https:\/\/natura2000.nfga.de\/gik\/wp-content\/uploads\/sites\/4\/2026\/04\/Foto-Birdblitz-Nicola_Schoening_2-768x432.jpg 768w, https:\/\/natura2000.nfga.de\/gik\/wp-content\/uploads\/sites\/4\/2026\/04\/Foto-Birdblitz-Nicola_Schoening_2-1536x865.jpg 1536w, https:\/\/natura2000.nfga.de\/gik\/wp-content\/uploads\/sites\/4\/2026\/04\/Foto-Birdblitz-Nicola_Schoening_2-2048x1153.jpg 2048w\" sizes=\"(max-width: 1024px) 100vw, 1024px\" \/> <span class=\"raven-post-image-overlay\"><\/span><\/a>\t\t<\/div>\n\t\t\t\t\t\t<div class=\"raven-post-content\">\n\t\t\t\t\t<h3 class=\"raven-post-title\"><a class=\"raven-post-title-link\" href=\"https:\/\/natura2000.nfga.de\/gik\/gemeinsam-voegel-entdecken-rund-um-den-seeberg-mitmachaktion-am-6-juni-2026\/\">Gemeinsam V\u00f6gel entdecken rund um den Seeberg \u2013 Mitmachaktion am 6. Juni 2026<\/a><\/h3><div class=\"raven-post-excerpt\">Natur erleben, Neues lernen und dabei einen Beitrag zum Artenschutz leisten \u2013 dazu l\u00e4dt die Natura 2000-Station Gotha\/ Ilm-Kreis alle Interessierten herzlich ein.<\/div>\t\t<div class=\"raven-post-read-more\">\n\t\t\t<a class=\"raven-post-button\" href=\"https:\/\/natura2000.nfga.de\/gik\/gemeinsam-voegel-entdecken-rund-um-den-seeberg-mitmachaktion-am-6-juni-2026\/\"><span class=\"raven-post-button-text\">weiterlesen<\/span><\/a>\n\t\t<\/div>\n\t\t\t\t\t\t<\/div>\n\t\t\t<\/div>\n\t\t<\/div>\n\t\t\t\t<div class=\"raven-grid-item raven-post-item post-3323 post type-post status-publish format-standard has-post-thumbnail hentry category-allgemein\">\n\t\t\t<div class=\"raven-post\">\n\t\t\t\t\t\t<div class=\"raven-post-image-wrap\">\n\t\t\t<a class=\"raven-post-image raven-image-fit\" href=\"https:\/\/natura2000.nfga.de\/gik\/ehrenamtseinsatz-am-heideteich-am-23-01-26\/\"><img decoding=\"async\" width=\"1024\" height=\"768\" src=\"https:\/\/natura2000.nfga.de\/gik\/wp-content\/uploads\/sites\/4\/2026\/01\/image00001-1024x768.jpg\" class=\"attachment-large size-large wp-image-3325\" alt=\"\" srcset=\"https:\/\/natura2000.nfga.de\/gik\/wp-content\/uploads\/sites\/4\/2026\/01\/image00001-1024x768.jpg 1024w, https:\/\/natura2000.nfga.de\/gik\/wp-content\/uploads\/sites\/4\/2026\/01\/image00001-300x225.jpg 300w, https:\/\/natura2000.nfga.de\/gik\/wp-content\/uploads\/sites\/4\/2026\/01\/image00001-768x576.jpg 768w, https:\/\/natura2000.nfga.de\/gik\/wp-content\/uploads\/sites\/4\/2026\/01\/image00001-1536x1152.jpg 1536w, https:\/\/natura2000.nfga.de\/gik\/wp-content\/uploads\/sites\/4\/2026\/01\/image00001-2048x1536.jpg 2048w\" sizes=\"(max-width: 1024px) 100vw, 1024px\" \/> <span class=\"raven-post-image-overlay\"><\/span><\/a>\t\t<\/div>\n\t\t\t\t\t\t<div class=\"raven-post-content\">\n\t\t\t\t\t<h3 class=\"raven-post-title\"><a class=\"raven-post-title-link\" href=\"https:\/\/natura2000.nfga.de\/gik\/ehrenamtseinsatz-am-heideteich-am-23-01-26\/\">Ehrenamtseinsatz am Heideteich am 23.01.26<\/a><\/h3><div class=\"raven-post-excerpt\">Du willst dich drau\u00dfen k\u00f6rperlich bet\u00e4tigen und gleichzeig etwas sinnvolles f\u00fcr die Natur tun? Dann komm doch gerne zum Einsatz am Heideteich!<\/div>\t\t<div class=\"raven-post-read-more\">\n\t\t\t<a class=\"raven-post-button\" href=\"https:\/\/natura2000.nfga.de\/gik\/ehrenamtseinsatz-am-heideteich-am-23-01-26\/\"><span class=\"raven-post-button-text\">weiterlesen<\/span><\/a>\n\t\t<\/div>\n\t\t\t\t\t\t<\/div>\n\t\t\t<\/div>\n\t\t<\/div>\n\t\t\t\t<div class=\"raven-grid-item raven-post-item post-3312 post type-post status-publish format-standard has-post-thumbnail hentry category-allgemein\">\n\t\t\t<div class=\"raven-post\">\n\t\t\t\t\t\t<div class=\"raven-post-image-wrap\">\n\t\t\t<a class=\"raven-post-image raven-image-fit\" href=\"https:\/\/natura2000.nfga.de\/gik\/01-01-2026-wir-sind-umgezogen\/\"><img loading=\"lazy\" decoding=\"async\" width=\"1024\" height=\"576\" src=\"https:\/\/natura2000.nfga.de\/gik\/wp-content\/uploads\/sites\/4\/2026\/01\/DJI_0991-min-1024x576.jpg\" class=\"attachment-large size-large wp-image-3298\" alt=\"\" srcset=\"https:\/\/natura2000.nfga.de\/gik\/wp-content\/uploads\/sites\/4\/2026\/01\/DJI_0991-min-1024x576.jpg 1024w, https:\/\/natura2000.nfga.de\/gik\/wp-content\/uploads\/sites\/4\/2026\/01\/DJI_0991-min-300x169.jpg 300w, https:\/\/natura2000.nfga.de\/gik\/wp-content\/uploads\/sites\/4\/2026\/01\/DJI_0991-min-768x432.jpg 768w, https:\/\/natura2000.nfga.de\/gik\/wp-content\/uploads\/sites\/4\/2026\/01\/DJI_0991-min-1536x864.jpg 1536w, https:\/\/natura2000.nfga.de\/gik\/wp-content\/uploads\/sites\/4\/2026\/01\/DJI_0991-min-2048x1152.jpg 2048w\" sizes=\"(max-width: 1024px) 100vw, 1024px\" \/> <span class=\"raven-post-image-overlay\"><\/span><\/a>\t\t<\/div>\n\t\t\t\t\t\t<div class=\"raven-post-content\">\n\t\t\t\t\t<h3 class=\"raven-post-title\"><a class=\"raven-post-title-link\" href=\"https:\/\/natura2000.nfga.de\/gik\/01-01-2026-wir-sind-umgezogen\/\">01.01.2026 Wir sind umgezogen!<\/a><\/h3><div class=\"raven-post-excerpt\">Besucht uns an unserem neuen Standort<\/div>\t\t<div class=\"raven-post-read-more\">\n\t\t\t<a class=\"raven-post-button\" href=\"https:\/\/natura2000.nfga.de\/gik\/01-01-2026-wir-sind-umgezogen\/\"><span class=\"raven-post-button-text\">weiterlesen<\/span><\/a>\n\t\t<\/div>\n\t\t\t\t\t\t<\/div>\n\t\t\t<\/div>\n\t\t<\/div>\n\t\t\t\t<div class=\"raven-grid-item raven-post-item post-3273 post type-post status-publish format-standard has-post-thumbnail hentry category-allgemein\">\n\t\t\t<div class=\"raven-post\">\n\t\t\t\t\t\t<div class=\"raven-post-image-wrap\">\n\t\t\t<a class=\"raven-post-image raven-image-fit\" href=\"https:\/\/natura2000.nfga.de\/gik\/unser-naechstes-kinderbuch-rettet-koenigin-hortense-eine-phantastische-geschichte-zur-bewahrung-unserer-streuobstwiesen-ist-da\/\"><img loading=\"lazy\" decoding=\"async\" width=\"1024\" height=\"985\" src=\"https:\/\/natura2000.nfga.de\/gik\/wp-content\/uploads\/sites\/4\/2025\/11\/Einband-Buch.pdf-1024x985.jpg\" class=\"attachment-large size-large wp-image-3274\" alt=\"\" srcset=\"https:\/\/natura2000.nfga.de\/gik\/wp-content\/uploads\/sites\/4\/2025\/11\/Einband-Buch.pdf-1024x985.jpg 1024w, https:\/\/natura2000.nfga.de\/gik\/wp-content\/uploads\/sites\/4\/2025\/11\/Einband-Buch.pdf-300x288.jpg 300w, https:\/\/natura2000.nfga.de\/gik\/wp-content\/uploads\/sites\/4\/2025\/11\/Einband-Buch.pdf-768x738.jpg 768w, https:\/\/natura2000.nfga.de\/gik\/wp-content\/uploads\/sites\/4\/2025\/11\/Einband-Buch.pdf.jpg 1041w\" sizes=\"(max-width: 1024px) 100vw, 1024px\" \/> <span class=\"raven-post-image-overlay\"><\/span><\/a>\t\t<\/div>\n\t\t\t\t\t\t<div class=\"raven-post-content\">\n\t\t\t\t\t<h3 class=\"raven-post-title\"><a class=\"raven-post-title-link\" href=\"https:\/\/natura2000.nfga.de\/gik\/unser-naechstes-kinderbuch-rettet-koenigin-hortense-eine-phantastische-geschichte-zur-bewahrung-unserer-streuobstwiesen-ist-da\/\">Unser n\u00e4chstes Kinderbuch &#8222;Rettet K\u00f6nigin Hortense-Eine phantastische Geschichte zur Bewahrung unserer Streuobstwiesen&#8220;-ist da<\/a><\/h3><div class=\"raven-post-excerpt\">Kindgerechte Umweltbildung in einer sch\u00f6nen Geschichte verpackt<\/div>\t\t<div class=\"raven-post-read-more\">\n\t\t\t<a class=\"raven-post-button\" href=\"https:\/\/natura2000.nfga.de\/gik\/unser-naechstes-kinderbuch-rettet-koenigin-hortense-eine-phantastische-geschichte-zur-bewahrung-unserer-streuobstwiesen-ist-da\/\"><span class=\"raven-post-button-text\">weiterlesen<\/span><\/a>\n\t\t<\/div>\n\t\t\t\t\t\t<\/div>\n\t\t\t<\/div>\n\t\t<\/div>\n\t\t\t\t<div class=\"raven-grid-item raven-post-item post-3238 post type-post status-publish format-standard has-post-thumbnail hentry category-allgemein\">\n\t\t\t<div class=\"raven-post\">\n\t\t\t\t\t\t<div class=\"raven-post-image-wrap\">\n\t\t\t<a class=\"raven-post-image raven-image-fit\" href=\"https:\/\/natura2000.nfga.de\/gik\/neues-projekt-beginnt\/\"><img loading=\"lazy\" decoding=\"async\" width=\"1024\" height=\"683\" src=\"https:\/\/natura2000.nfga.de\/gik\/wp-content\/uploads\/sites\/4\/2025\/11\/DSCF2715-min-1024x683.jpg\" class=\"attachment-large size-large wp-image-3222\" alt=\"\" srcset=\"https:\/\/natura2000.nfga.de\/gik\/wp-content\/uploads\/sites\/4\/2025\/11\/DSCF2715-min-1024x683.jpg 1024w, https:\/\/natura2000.nfga.de\/gik\/wp-content\/uploads\/sites\/4\/2025\/11\/DSCF2715-min-300x200.jpg 300w, https:\/\/natura2000.nfga.de\/gik\/wp-content\/uploads\/sites\/4\/2025\/11\/DSCF2715-min-768x512.jpg 768w, https:\/\/natura2000.nfga.de\/gik\/wp-content\/uploads\/sites\/4\/2025\/11\/DSCF2715-min-1536x1024.jpg 1536w, https:\/\/natura2000.nfga.de\/gik\/wp-content\/uploads\/sites\/4\/2025\/11\/DSCF2715-min-2048x1365.jpg 2048w\" sizes=\"(max-width: 1024px) 100vw, 1024px\" \/> <span class=\"raven-post-image-overlay\"><\/span><\/a>\t\t<\/div>\n\t\t\t\t\t\t<div class=\"raven-post-content\">\n\t\t\t\t\t<h3 class=\"raven-post-title\"><a class=\"raven-post-title-link\" href=\"https:\/\/natura2000.nfga.de\/gik\/neues-projekt-beginnt\/\">Neues Projekt beginnt<\/a><\/h3><div class=\"raven-post-excerpt\">Erfahre mehr \u00fcber das neue Projekt<\/div>\t\t<div class=\"raven-post-read-more\">\n\t\t\t<a class=\"raven-post-button\" href=\"https:\/\/natura2000.nfga.de\/gik\/neues-projekt-beginnt\/\"><span class=\"raven-post-button-text\">weiterlesen<\/span><\/a>\n\t\t<\/div>\n\t\t\t\t\t\t<\/div>\n\t\t\t<\/div>\n\t\t<\/div>\n\t\t\t\t<div class=\"raven-grid-item raven-post-item post-3190 post type-post status-publish format-standard has-post-thumbnail hentry category-allgemein\">\n\t\t\t<div class=\"raven-post\">\n\t\t\t\t\t\t<div class=\"raven-post-image-wrap\">\n\t\t\t<a class=\"raven-post-image raven-image-fit\" href=\"https:\/\/natura2000.nfga.de\/gik\/28-06-2025-hirschkaeferfest-auf-der-burg-gleichen-bei-wandersleben\/\"><img loading=\"lazy\" decoding=\"async\" width=\"1024\" height=\"768\" src=\"https:\/\/natura2000.nfga.de\/gik\/wp-content\/uploads\/sites\/4\/2025\/05\/20240629_204239-1024x768.jpg\" class=\"attachment-large size-large wp-image-3202\" alt=\"\" srcset=\"https:\/\/natura2000.nfga.de\/gik\/wp-content\/uploads\/sites\/4\/2025\/05\/20240629_204239-1024x768.jpg 1024w, https:\/\/natura2000.nfga.de\/gik\/wp-content\/uploads\/sites\/4\/2025\/05\/20240629_204239-300x225.jpg 300w, https:\/\/natura2000.nfga.de\/gik\/wp-content\/uploads\/sites\/4\/2025\/05\/20240629_204239-768x576.jpg 768w, https:\/\/natura2000.nfga.de\/gik\/wp-content\/uploads\/sites\/4\/2025\/05\/20240629_204239-1536x1152.jpg 1536w, https:\/\/natura2000.nfga.de\/gik\/wp-content\/uploads\/sites\/4\/2025\/05\/20240629_204239-2048x1536.jpg 2048w\" sizes=\"(max-width: 1024px) 100vw, 1024px\" \/> <span class=\"raven-post-image-overlay\"><\/span><\/a>\t\t<\/div>\n\t\t\t\t\t\t<div class=\"raven-post-content\">\n\t\t\t\t\t<h3 class=\"raven-post-title\"><a class=\"raven-post-title-link\" href=\"https:\/\/natura2000.nfga.de\/gik\/28-06-2025-hirschkaeferfest-auf-der-burg-gleichen-bei-wandersleben\/\">28.06.2025 Hirschk\u00e4ferfest auf der Burg Gleichen bei Wandersleben<\/a><\/h3><div class=\"raven-post-excerpt\">Gemeinsam mit dem Naturkundemuseum Erfurt laden wir Sie herzlich auf die Spurensuche nach dem Hirschk\u00e4fer ein.<\/div>\t\t<div class=\"raven-post-read-more\">\n\t\t\t<a class=\"raven-post-button\" href=\"https:\/\/natura2000.nfga.de\/gik\/28-06-2025-hirschkaeferfest-auf-der-burg-gleichen-bei-wandersleben\/\"><span class=\"raven-post-button-text\">weiterlesen<\/span><\/a>\n\t\t<\/div>\n\t\t\t\t\t\t<\/div>\n\t\t\t<\/div>\n\t\t<\/div>\n\t\t\t\t<div class=\"raven-grid-item raven-post-item post-3142 post type-post status-publish format-standard has-post-thumbnail hentry category-allgemein tag-artenschutz tag-ehrenamt tag-freiwillige tag-landschaftspflege\">\n\t\t\t<div class=\"raven-post\">\n\t\t\t\t\t\t<div class=\"raven-post-image-wrap\">\n\t\t\t<a class=\"raven-post-image raven-image-fit\" href=\"https:\/\/natura2000.nfga.de\/gik\/deine-hilfe-zaehlt-ehrenamt-bei-der-natura-2000-station-gotha-ilm-kreis\/\"><img loading=\"lazy\" decoding=\"async\" width=\"1024\" height=\"768\" src=\"https:\/\/natura2000.nfga.de\/gik\/wp-content\/uploads\/sites\/4\/2024\/12\/IMG_5826-1024x768.jpg\" class=\"attachment-large size-large wp-image-3143\" alt=\"\" srcset=\"https:\/\/natura2000.nfga.de\/gik\/wp-content\/uploads\/sites\/4\/2024\/12\/IMG_5826-1024x768.jpg 1024w, https:\/\/natura2000.nfga.de\/gik\/wp-content\/uploads\/sites\/4\/2024\/12\/IMG_5826-300x225.jpg 300w, https:\/\/natura2000.nfga.de\/gik\/wp-content\/uploads\/sites\/4\/2024\/12\/IMG_5826-768x576.jpg 768w, https:\/\/natura2000.nfga.de\/gik\/wp-content\/uploads\/sites\/4\/2024\/12\/IMG_5826-1536x1152.jpg 1536w, https:\/\/natura2000.nfga.de\/gik\/wp-content\/uploads\/sites\/4\/2024\/12\/IMG_5826-2048x1536.jpg 2048w\" sizes=\"(max-width: 1024px) 100vw, 1024px\" \/> <span class=\"raven-post-image-overlay\"><\/span><\/a>\t\t<\/div>\n\t\t\t\t\t\t<div class=\"raven-post-content\">\n\t\t\t\t\t<h3 class=\"raven-post-title\"><a class=\"raven-post-title-link\" href=\"https:\/\/natura2000.nfga.de\/gik\/deine-hilfe-zaehlt-ehrenamt-bei-der-natura-2000-station-gotha-ilm-kreis\/\">Deine Hilfe z\u00e4hlt! &#8211; Ehrenamt bei der Natura 2000-Station Gotha\/Ilm-Kreis<\/a><\/h3><div class=\"raven-post-excerpt\">Du w\u00fcrdest dich gerne ehrenamtlich f\u00fcr den Naturschutz einsetzen? Bei uns gibt es viele verschiedene M\u00f6glichkeiten sich ehrenamtlich zu engagieren. Dabei bestehen weder Verpflichtungen noch Zw\u00e4nge. Melde dich einfach per<\/div>\t\t<div class=\"raven-post-read-more\">\n\t\t\t<a class=\"raven-post-button\" href=\"https:\/\/natura2000.nfga.de\/gik\/deine-hilfe-zaehlt-ehrenamt-bei-der-natura-2000-station-gotha-ilm-kreis\/\"><span class=\"raven-post-button-text\">weiterlesen<\/span><\/a>\n\t\t<\/div>\n\t\t\t\t\t\t<\/div>\n\t\t\t<\/div>\n\t\t<\/div>\n\t\t\t\t<div class=\"raven-grid-item raven-post-item post-3126 post type-post status-publish format-standard has-post-thumbnail hentry category-allgemein\">\n\t\t\t<div class=\"raven-post\">\n\t\t\t\t\t\t<div class=\"raven-post-image-wrap\">\n\t\t\t<a class=\"raven-post-image raven-image-fit\" href=\"https:\/\/natura2000.nfga.de\/gik\/neue-termine-obstbaumschnittkurse-winter-2024\/\"><img loading=\"lazy\" decoding=\"async\" width=\"1024\" height=\"683\" src=\"https:\/\/natura2000.nfga.de\/gik\/wp-content\/uploads\/sites\/4\/2024\/02\/image00017-1024x683.jpeg\" class=\"attachment-large size-large wp-image-2930\" alt=\"\" srcset=\"https:\/\/natura2000.nfga.de\/gik\/wp-content\/uploads\/sites\/4\/2024\/02\/image00017-1024x683.jpeg 1024w, https:\/\/natura2000.nfga.de\/gik\/wp-content\/uploads\/sites\/4\/2024\/02\/image00017-300x200.jpeg 300w, https:\/\/natura2000.nfga.de\/gik\/wp-content\/uploads\/sites\/4\/2024\/02\/image00017-768x512.jpeg 768w, https:\/\/natura2000.nfga.de\/gik\/wp-content\/uploads\/sites\/4\/2024\/02\/image00017-1536x1024.jpeg 1536w, https:\/\/natura2000.nfga.de\/gik\/wp-content\/uploads\/sites\/4\/2024\/02\/image00017-2048x1365.jpeg 2048w\" sizes=\"(max-width: 1024px) 100vw, 1024px\" \/> <span class=\"raven-post-image-overlay\"><\/span><\/a>\t\t<\/div>\n\t\t\t\t\t\t<div class=\"raven-post-content\">\n\t\t\t\t\t<h3 class=\"raven-post-title\"><a class=\"raven-post-title-link\" href=\"https:\/\/natura2000.nfga.de\/gik\/neue-termine-obstbaumschnittkurse-winter-2024\/\">neue Termine Obstbaumschnittkurse Winter 2024<\/a><\/h3><div class=\"raven-post-excerpt\">Du willst lernen wie man junge und alte Obstb\u00e4ume richtig schneidet oder dein Wissen auffrischen? Dann schau welche Termine f\u00fcr dich passen...<\/div>\t\t<div class=\"raven-post-read-more\">\n\t\t\t<a class=\"raven-post-button\" href=\"https:\/\/natura2000.nfga.de\/gik\/neue-termine-obstbaumschnittkurse-winter-2024\/\"><span class=\"raven-post-button-text\">weiterlesen<\/span><\/a>\n\t\t<\/div>\n\t\t\t\t\t\t<\/div>\n\t\t\t<\/div>\n\t\t<\/div>\n\t\t\t\t<div class=\"raven-grid-item raven-post-item post-3115 post type-post status-publish format-standard has-post-thumbnail hentry category-allgemein\">\n\t\t\t<div class=\"raven-post\">\n\t\t\t\t\t\t<div class=\"raven-post-image-wrap\">\n\t\t\t<a class=\"raven-post-image raven-image-fit\" href=\"https:\/\/natura2000.nfga.de\/gik\/wir-suchen-verstaerkung\/\"><img loading=\"lazy\" decoding=\"async\" width=\"1024\" height=\"768\" src=\"https:\/\/natura2000.nfga.de\/gik\/wp-content\/uploads\/sites\/4\/2024\/05\/IMG_1141-min-1024x768.jpg\" class=\"attachment-large size-large wp-image-3017\" alt=\"\" srcset=\"https:\/\/natura2000.nfga.de\/gik\/wp-content\/uploads\/sites\/4\/2024\/05\/IMG_1141-min-1024x768.jpg 1024w, https:\/\/natura2000.nfga.de\/gik\/wp-content\/uploads\/sites\/4\/2024\/05\/IMG_1141-min-300x225.jpg 300w, https:\/\/natura2000.nfga.de\/gik\/wp-content\/uploads\/sites\/4\/2024\/05\/IMG_1141-min-768x576.jpg 768w, https:\/\/natura2000.nfga.de\/gik\/wp-content\/uploads\/sites\/4\/2024\/05\/IMG_1141-min-1536x1152.jpg 1536w, https:\/\/natura2000.nfga.de\/gik\/wp-content\/uploads\/sites\/4\/2024\/05\/IMG_1141-min-2048x1536.jpg 2048w\" sizes=\"(max-width: 1024px) 100vw, 1024px\" \/> <span class=\"raven-post-image-overlay\"><\/span><\/a>\t\t<\/div>\n\t\t\t\t\t\t<div class=\"raven-post-content\">\n\t\t\t\t\t<h3 class=\"raven-post-title\"><a class=\"raven-post-title-link\" href=\"https:\/\/natura2000.nfga.de\/gik\/wir-suchen-verstaerkung\/\">Wir suchen Verst\u00e4rkung!<\/a><\/h3><div class=\"raven-post-excerpt\">Tierwirt f\u00fcr Landschaftspflegeherde gesucht....<\/div>\t\t<div class=\"raven-post-read-more\">\n\t\t\t<a class=\"raven-post-button\" href=\"https:\/\/natura2000.nfga.de\/gik\/wir-suchen-verstaerkung\/\"><span class=\"raven-post-button-text\">weiterlesen<\/span><\/a>\n\t\t<\/div>\n\t\t\t\t\t\t<\/div>\n\t\t\t<\/div>\n\t\t<\/div>\n\t\t\t\t<div class=\"raven-grid-item raven-post-item post-2998 post type-post status-publish format-standard has-post-thumbnail hentry category-allgemein\">\n\t\t\t<div class=\"raven-post\">\n\t\t\t\t\t\t<div class=\"raven-post-image-wrap\">\n\t\t\t<a class=\"raven-post-image raven-image-fit\" href=\"https:\/\/natura2000.nfga.de\/gik\/29-06-2024-hirschkaeferfest-auf-der-burg-gleichen-bei-wandersleben\/\"><img loading=\"lazy\" decoding=\"async\" width=\"1024\" height=\"683\" src=\"https:\/\/natura2000.nfga.de\/gik\/wp-content\/uploads\/sites\/4\/2023\/06\/image00024-min-1024x683.jpeg\" class=\"attachment-large size-large wp-image-2636\" alt=\"\" srcset=\"https:\/\/natura2000.nfga.de\/gik\/wp-content\/uploads\/sites\/4\/2023\/06\/image00024-min-1024x683.jpeg 1024w, https:\/\/natura2000.nfga.de\/gik\/wp-content\/uploads\/sites\/4\/2023\/06\/image00024-min-300x200.jpeg 300w, https:\/\/natura2000.nfga.de\/gik\/wp-content\/uploads\/sites\/4\/2023\/06\/image00024-min-768x512.jpeg 768w, https:\/\/natura2000.nfga.de\/gik\/wp-content\/uploads\/sites\/4\/2023\/06\/image00024-min-1536x1024.jpeg 1536w, https:\/\/natura2000.nfga.de\/gik\/wp-content\/uploads\/sites\/4\/2023\/06\/image00024-min-2048x1365.jpeg 2048w\" sizes=\"(max-width: 1024px) 100vw, 1024px\" \/> <span class=\"raven-post-image-overlay\"><\/span><\/a>\t\t<\/div>\n\t\t\t\t\t\t<div class=\"raven-post-content\">\n\t\t\t\t\t<h3 class=\"raven-post-title\"><a class=\"raven-post-title-link\" href=\"https:\/\/natura2000.nfga.de\/gik\/29-06-2024-hirschkaeferfest-auf-der-burg-gleichen-bei-wandersleben\/\">29.06.2024 Hirschk\u00e4ferfest auf der Burg Gleichen bei Wandersleben<\/a><\/h3><div class=\"raven-post-excerpt\">Gemeinsam mit dem Naturkundemuseum Erfurt laden wir Sie herzlich auf die Spurensuche nach dem Hirschk\u00e4fer ein.<\/div>\t\t<div class=\"raven-post-read-more\">\n\t\t\t<a class=\"raven-post-button\" href=\"https:\/\/natura2000.nfga.de\/gik\/29-06-2024-hirschkaeferfest-auf-der-burg-gleichen-bei-wandersleben\/\"><span class=\"raven-post-button-text\">weiterlesen<\/span><\/a>\n\t\t<\/div>\n\t\t\t\t\t\t<\/div>\n\t\t\t<\/div>\n\t\t<\/div>\n\t\t\t\t<div class=\"raven-grid-item raven-post-item post-2988 post type-post status-publish format-standard has-post-thumbnail hentry category-allgemein\">\n\t\t\t<div class=\"raven-post\">\n\t\t\t\t\t\t<div class=\"raven-post-image-wrap\">\n\t\t\t<a class=\"raven-post-image raven-image-fit\" href=\"https:\/\/natura2000.nfga.de\/gik\/einladung-auftaktveranstaltung-rebhuhn-retten-vielfalt-foerdern-in-thueringen\/\"><img loading=\"lazy\" decoding=\"async\" width=\"1024\" height=\"768\" src=\"https:\/\/natura2000.nfga.de\/gik\/wp-content\/uploads\/sites\/4\/2024\/05\/Rebhenne-mit-Kueken@Eckhard-Gottschalk-1024x768.jpg\" class=\"attachment-large size-large wp-image-2989\" alt=\"\" srcset=\"https:\/\/natura2000.nfga.de\/gik\/wp-content\/uploads\/sites\/4\/2024\/05\/Rebhenne-mit-Kueken@Eckhard-Gottschalk-1024x768.jpg 1024w, https:\/\/natura2000.nfga.de\/gik\/wp-content\/uploads\/sites\/4\/2024\/05\/Rebhenne-mit-Kueken@Eckhard-Gottschalk-300x225.jpg 300w, https:\/\/natura2000.nfga.de\/gik\/wp-content\/uploads\/sites\/4\/2024\/05\/Rebhenne-mit-Kueken@Eckhard-Gottschalk-768x576.jpg 768w, https:\/\/natura2000.nfga.de\/gik\/wp-content\/uploads\/sites\/4\/2024\/05\/Rebhenne-mit-Kueken@Eckhard-Gottschalk-1536x1152.jpg 1536w, https:\/\/natura2000.nfga.de\/gik\/wp-content\/uploads\/sites\/4\/2024\/05\/Rebhenne-mit-Kueken@Eckhard-Gottschalk.jpg 2048w\" sizes=\"(max-width: 1024px) 100vw, 1024px\" \/> <span class=\"raven-post-image-overlay\"><\/span><\/a>\t\t<\/div>\n\t\t\t\t\t\t<div class=\"raven-post-content\">\n\t\t\t\t\t<h3 class=\"raven-post-title\"><a class=\"raven-post-title-link\" href=\"https:\/\/natura2000.nfga.de\/gik\/einladung-auftaktveranstaltung-rebhuhn-retten-vielfalt-foerdern-in-thueringen\/\">Einladung Auftaktveranstaltung &#8222;Rebhuhn retten-Vielfalt f\u00f6rdern&#8220; in Th\u00fcringen<\/a><\/h3><div class=\"raven-post-excerpt\">Einladung zur Auftaktveranstaltung &quot;Rebhuhn retten-Vielfalt f\u00f6rdern&quot;...<\/div>\t\t<div class=\"raven-post-read-more\">\n\t\t\t<a class=\"raven-post-button\" href=\"https:\/\/natura2000.nfga.de\/gik\/einladung-auftaktveranstaltung-rebhuhn-retten-vielfalt-foerdern-in-thueringen\/\"><span class=\"raven-post-button-text\">weiterlesen<\/span><\/a>\n\t\t<\/div>\n\t\t\t\t\t\t<\/div>\n\t\t\t<\/div>\n\t\t<\/div>\n\t\t\t\t<div class=\"raven-grid-item raven-post-item post-2983 post type-post status-publish format-standard has-post-thumbnail hentry category-allgemein\">\n\t\t\t<div class=\"raven-post\">\n\t\t\t\t\t\t<div class=\"raven-post-image-wrap\">\n\t\t\t<a class=\"raven-post-image raven-image-fit\" href=\"https:\/\/natura2000.nfga.de\/gik\/schmetterlingen-auf-der-spur-exkursion-klingser-aue\/\"><img loading=\"lazy\" decoding=\"async\" width=\"1024\" height=\"768\" src=\"https:\/\/natura2000.nfga.de\/gik\/wp-content\/uploads\/sites\/4\/2023\/01\/IMG_8724_klein-1024x768.jpg\" class=\"attachment-large size-large wp-image-2379\" alt=\"\" srcset=\"https:\/\/natura2000.nfga.de\/gik\/wp-content\/uploads\/sites\/4\/2023\/01\/IMG_8724_klein-1024x768.jpg 1024w, https:\/\/natura2000.nfga.de\/gik\/wp-content\/uploads\/sites\/4\/2023\/01\/IMG_8724_klein-300x225.jpg 300w, https:\/\/natura2000.nfga.de\/gik\/wp-content\/uploads\/sites\/4\/2023\/01\/IMG_8724_klein-768x576.jpg 768w, https:\/\/natura2000.nfga.de\/gik\/wp-content\/uploads\/sites\/4\/2023\/01\/IMG_8724_klein-1536x1152.jpg 1536w, https:\/\/natura2000.nfga.de\/gik\/wp-content\/uploads\/sites\/4\/2023\/01\/IMG_8724_klein-2048x1536.jpg 2048w\" sizes=\"(max-width: 1024px) 100vw, 1024px\" \/> <span class=\"raven-post-image-overlay\"><\/span><\/a>\t\t<\/div>\n\t\t\t\t\t\t<div class=\"raven-post-content\">\n\t\t\t\t\t<h3 class=\"raven-post-title\"><a class=\"raven-post-title-link\" href=\"https:\/\/natura2000.nfga.de\/gik\/schmetterlingen-auf-der-spur-exkursion-klingser-aue\/\">Schmetterlingen auf der Spur-Exkursion Klingser Aue<\/a><\/h3><div class=\"raven-post-excerpt\">Einladung zur Schmetterlingsexkursion in der Klingser Aue...<\/div>\t\t<div class=\"raven-post-read-more\">\n\t\t\t<a class=\"raven-post-button\" href=\"https:\/\/natura2000.nfga.de\/gik\/schmetterlingen-auf-der-spur-exkursion-klingser-aue\/\"><span class=\"raven-post-button-text\">weiterlesen<\/span><\/a>\n\t\t<\/div>\n\t\t\t\t\t\t<\/div>\n\t\t\t<\/div>\n\t\t<\/div>\n\t\t\t\t<div class=\"raven-grid-item raven-post-item post-2966 post type-post status-publish format-standard has-post-thumbnail hentry category-allgemein\">\n\t\t\t<div class=\"raven-post\">\n\t\t\t\t\t\t<div class=\"raven-post-image-wrap\">\n\t\t\t<a class=\"raven-post-image raven-image-fit\" href=\"https:\/\/natura2000.nfga.de\/gik\/wir-sind-dabei-als-einer-der-ersten-regionalpartner-von-regiocrowd-thueringen\/\"><img loading=\"lazy\" decoding=\"async\" width=\"1024\" height=\"768\" src=\"https:\/\/natura2000.nfga.de\/gik\/wp-content\/uploads\/sites\/4\/2024\/04\/20210427_144349-1024x768.jpg\" class=\"attachment-large size-large wp-image-2967\" alt=\"\" srcset=\"https:\/\/natura2000.nfga.de\/gik\/wp-content\/uploads\/sites\/4\/2024\/04\/20210427_144349-1024x768.jpg 1024w, https:\/\/natura2000.nfga.de\/gik\/wp-content\/uploads\/sites\/4\/2024\/04\/20210427_144349-300x225.jpg 300w, https:\/\/natura2000.nfga.de\/gik\/wp-content\/uploads\/sites\/4\/2024\/04\/20210427_144349-768x576.jpg 768w, https:\/\/natura2000.nfga.de\/gik\/wp-content\/uploads\/sites\/4\/2024\/04\/20210427_144349-1536x1152.jpg 1536w, https:\/\/natura2000.nfga.de\/gik\/wp-content\/uploads\/sites\/4\/2024\/04\/20210427_144349-2048x1536.jpg 2048w\" sizes=\"(max-width: 1024px) 100vw, 1024px\" \/> <span class=\"raven-post-image-overlay\"><\/span><\/a>\t\t<\/div>\n\t\t\t\t\t\t<div class=\"raven-post-content\">\n\t\t\t\t\t<h3 class=\"raven-post-title\"><a class=\"raven-post-title-link\" href=\"https:\/\/natura2000.nfga.de\/gik\/wir-sind-dabei-als-einer-der-ersten-regionalpartner-von-regiocrowd-thueringen\/\">Wir sind dabei! \u2013 als einer der ersten Regionalpartner von RegioCrowd Th\u00fcringen<\/a><\/h3><div class=\"raven-post-excerpt\">Du willst wissen was RegioCrowd ist und wie du mitmachen kann? Dann lies den Beitrag.<\/div>\t\t<div class=\"raven-post-read-more\">\n\t\t\t<a class=\"raven-post-button\" href=\"https:\/\/natura2000.nfga.de\/gik\/wir-sind-dabei-als-einer-der-ersten-regionalpartner-von-regiocrowd-thueringen\/\"><span class=\"raven-post-button-text\">weiterlesen<\/span><\/a>\n\t\t<\/div>\n\t\t\t\t\t\t<\/div>\n\t\t\t<\/div>\n\t\t<\/div>\n\t\t\t\t<div class=\"raven-grid-item raven-post-item post-2929 post type-post status-publish format-standard has-post-thumbnail hentry category-allgemein\">\n\t\t\t<div class=\"raven-post\">\n\t\t\t\t\t\t<div class=\"raven-post-image-wrap\">\n\t\t\t<a class=\"raven-post-image raven-image-fit\" href=\"https:\/\/natura2000.nfga.de\/gik\/neue-schnitt-und-veredlungskurse-2024\/\"><img loading=\"lazy\" decoding=\"async\" width=\"1024\" height=\"683\" src=\"https:\/\/natura2000.nfga.de\/gik\/wp-content\/uploads\/sites\/4\/2024\/02\/image00017-1024x683.jpeg\" class=\"attachment-large size-large wp-image-2930\" alt=\"\" srcset=\"https:\/\/natura2000.nfga.de\/gik\/wp-content\/uploads\/sites\/4\/2024\/02\/image00017-1024x683.jpeg 1024w, https:\/\/natura2000.nfga.de\/gik\/wp-content\/uploads\/sites\/4\/2024\/02\/image00017-300x200.jpeg 300w, https:\/\/natura2000.nfga.de\/gik\/wp-content\/uploads\/sites\/4\/2024\/02\/image00017-768x512.jpeg 768w, https:\/\/natura2000.nfga.de\/gik\/wp-content\/uploads\/sites\/4\/2024\/02\/image00017-1536x1024.jpeg 1536w, https:\/\/natura2000.nfga.de\/gik\/wp-content\/uploads\/sites\/4\/2024\/02\/image00017-2048x1365.jpeg 2048w\" sizes=\"(max-width: 1024px) 100vw, 1024px\" \/> <span class=\"raven-post-image-overlay\"><\/span><\/a>\t\t<\/div>\n\t\t\t\t\t\t<div class=\"raven-post-content\">\n\t\t\t\t\t<h3 class=\"raven-post-title\"><a class=\"raven-post-title-link\" href=\"https:\/\/natura2000.nfga.de\/gik\/neue-schnitt-und-veredlungskurse-2024\/\">Neue Schnitt- und Veredlungskurse 2024<\/a><\/h3><div class=\"raven-post-excerpt\">Du willst lernen wie man Obstb\u00e4ume pflegt oder veredelt oder dein Wissen auffrischen? Dann schau welche Termine f\u00fcr dich passen...<\/div>\t\t<div class=\"raven-post-read-more\">\n\t\t\t<a class=\"raven-post-button\" href=\"https:\/\/natura2000.nfga.de\/gik\/neue-schnitt-und-veredlungskurse-2024\/\"><span class=\"raven-post-button-text\">weiterlesen<\/span><\/a>\n\t\t<\/div>\n\t\t\t\t\t\t<\/div>\n\t\t\t<\/div>\n\t\t<\/div>\n\t\t\t\t<div class=\"raven-grid-item raven-post-item post-2904 post type-post status-publish format-standard has-post-thumbnail hentry category-allgemein\">\n\t\t\t<div class=\"raven-post\">\n\t\t\t\t\t\t<div class=\"raven-post-image-wrap\">\n\t\t\t<a class=\"raven-post-image raven-image-fit\" href=\"https:\/\/natura2000.nfga.de\/gik\/projekt-projekt-ersteinrichtende-massnahmen-zur-wiedernutzbarmachung-von-offenland-lebensraumtypen\/\"><img loading=\"lazy\" decoding=\"async\" width=\"767\" height=\"430\" src=\"https:\/\/natura2000.nfga.de\/gik\/wp-content\/uploads\/sites\/4\/2024\/01\/Logo-Zaunbauprojekt.png\" class=\"attachment-large size-large wp-image-2909\" alt=\"\" srcset=\"https:\/\/natura2000.nfga.de\/gik\/wp-content\/uploads\/sites\/4\/2024\/01\/Logo-Zaunbauprojekt.png 767w, https:\/\/natura2000.nfga.de\/gik\/wp-content\/uploads\/sites\/4\/2024\/01\/Logo-Zaunbauprojekt-300x168.png 300w\" sizes=\"(max-width: 767px) 100vw, 767px\" \/> <span class=\"raven-post-image-overlay\"><\/span><\/a>\t\t<\/div>\n\t\t\t\t\t\t<div class=\"raven-post-content\">\n\t\t\t\t\t<h3 class=\"raven-post-title\"><a class=\"raven-post-title-link\" href=\"https:\/\/natura2000.nfga.de\/gik\/projekt-projekt-ersteinrichtende-massnahmen-zur-wiedernutzbarmachung-von-offenland-lebensraumtypen\/\">Projekt \u201eErsteinrichtende Ma\u00dfnahmen zur Wiedernutzbarmachung von Offenland-Lebensraumtypen\u201c<\/a><\/h3><div class=\"raven-post-excerpt\">Erfahre mehr \u00fcber das Projekt zum Bau von fest installierten Weidez\u00e4unen<\/div>\t\t<div class=\"raven-post-read-more\">\n\t\t\t<a class=\"raven-post-button\" href=\"https:\/\/natura2000.nfga.de\/gik\/projekt-projekt-ersteinrichtende-massnahmen-zur-wiedernutzbarmachung-von-offenland-lebensraumtypen\/\"><span class=\"raven-post-button-text\">weiterlesen<\/span><\/a>\n\t\t<\/div>\n\t\t\t\t\t\t<\/div>\n\t\t\t<\/div>\n\t\t<\/div>\n\t\t\t\t<div class=\"raven-grid-item raven-post-item post-2881 post type-post status-publish format-standard has-post-thumbnail hentry category-allgemein\">\n\t\t\t<div class=\"raven-post\">\n\t\t\t\t\t\t<div class=\"raven-post-image-wrap\">\n\t\t\t<a class=\"raven-post-image raven-image-fit\" href=\"https:\/\/natura2000.nfga.de\/gik\/20-12-2023-weihnachtsbaumaktion-singer-berg\/\"><img loading=\"lazy\" decoding=\"async\" width=\"1024\" height=\"576\" src=\"https:\/\/natura2000.nfga.de\/gik\/wp-content\/uploads\/sites\/4\/2023\/12\/image00019-min-1024x576.jpeg\" class=\"attachment-large size-large wp-image-2876\" alt=\"\" srcset=\"https:\/\/natura2000.nfga.de\/gik\/wp-content\/uploads\/sites\/4\/2023\/12\/image00019-min-1024x576.jpeg 1024w, https:\/\/natura2000.nfga.de\/gik\/wp-content\/uploads\/sites\/4\/2023\/12\/image00019-min-300x169.jpeg 300w, https:\/\/natura2000.nfga.de\/gik\/wp-content\/uploads\/sites\/4\/2023\/12\/image00019-min-768x432.jpeg 768w, https:\/\/natura2000.nfga.de\/gik\/wp-content\/uploads\/sites\/4\/2023\/12\/image00019-min-1536x864.jpeg 1536w, https:\/\/natura2000.nfga.de\/gik\/wp-content\/uploads\/sites\/4\/2023\/12\/image00019-min-2048x1152.jpeg 2048w\" sizes=\"(max-width: 1024px) 100vw, 1024px\" \/> <span class=\"raven-post-image-overlay\"><\/span><\/a>\t\t<\/div>\n\t\t\t\t\t\t<div class=\"raven-post-content\">\n\t\t\t\t\t<h3 class=\"raven-post-title\"><a class=\"raven-post-title-link\" href=\"https:\/\/natura2000.nfga.de\/gik\/20-12-2023-weihnachtsbaumaktion-singer-berg\/\">20.12.2023 Weihnachtsbaumaktion Singer Berg<\/a><\/h3><div class=\"raven-post-excerpt\">Das war die Weihnachtsbaumaktion 2023<\/div>\t\t<div class=\"raven-post-read-more\">\n\t\t\t<a class=\"raven-post-button\" href=\"https:\/\/natura2000.nfga.de\/gik\/20-12-2023-weihnachtsbaumaktion-singer-berg\/\"><span class=\"raven-post-button-text\">weiterlesen<\/span><\/a>\n\t\t<\/div>\n\t\t\t\t\t\t<\/div>\n\t\t\t<\/div>\n\t\t<\/div>\n\t\t\t\t<div class=\"raven-grid-item raven-post-item post-2854 post type-post status-publish format-standard has-post-thumbnail hentry category-allgemein\">\n\t\t\t<div class=\"raven-post\">\n\t\t\t\t\t\t<div class=\"raven-post-image-wrap\">\n\t\t\t<a class=\"raven-post-image raven-image-fit\" href=\"https:\/\/natura2000.nfga.de\/gik\/19-12-2023-pflanzaktion-streuobstwiese-auf-der-burg-haina\/\"><img loading=\"lazy\" decoding=\"async\" width=\"1024\" height=\"683\" src=\"https:\/\/natura2000.nfga.de\/gik\/wp-content\/uploads\/sites\/4\/2023\/12\/DSCF4962-min-1024x683.jpg\" class=\"attachment-large size-large wp-image-2865\" alt=\"\" srcset=\"https:\/\/natura2000.nfga.de\/gik\/wp-content\/uploads\/sites\/4\/2023\/12\/DSCF4962-min-1024x683.jpg 1024w, https:\/\/natura2000.nfga.de\/gik\/wp-content\/uploads\/sites\/4\/2023\/12\/DSCF4962-min-300x200.jpg 300w, https:\/\/natura2000.nfga.de\/gik\/wp-content\/uploads\/sites\/4\/2023\/12\/DSCF4962-min-768x512.jpg 768w, https:\/\/natura2000.nfga.de\/gik\/wp-content\/uploads\/sites\/4\/2023\/12\/DSCF4962-min-1536x1024.jpg 1536w, https:\/\/natura2000.nfga.de\/gik\/wp-content\/uploads\/sites\/4\/2023\/12\/DSCF4962-min-2048x1365.jpg 2048w\" sizes=\"(max-width: 1024px) 100vw, 1024px\" \/> <span class=\"raven-post-image-overlay\"><\/span><\/a>\t\t<\/div>\n\t\t\t\t\t\t<div class=\"raven-post-content\">\n\t\t\t\t\t<h3 class=\"raven-post-title\"><a class=\"raven-post-title-link\" href=\"https:\/\/natura2000.nfga.de\/gik\/19-12-2023-pflanzaktion-streuobstwiese-auf-der-burg-haina\/\">19.12.2023 Pflanzaktion Streuobstwiese &#8222;Auf der Burg&#8220; Haina<\/a><\/h3><div class=\"raven-post-excerpt\">Erfahre mehr \u00fcber die Pflanzung<\/div>\t\t<div class=\"raven-post-read-more\">\n\t\t\t<a class=\"raven-post-button\" href=\"https:\/\/natura2000.nfga.de\/gik\/19-12-2023-pflanzaktion-streuobstwiese-auf-der-burg-haina\/\"><span class=\"raven-post-button-text\">weiterlesen<\/span><\/a>\n\t\t<\/div>\n\t\t\t\t\t\t<\/div>\n\t\t\t<\/div>\n\t\t<\/div>\n\t\t\t\t<div class=\"raven-grid-item raven-post-item post-2849 post type-post status-publish format-standard has-post-thumbnail hentry category-allgemein tag-artenschutz tag-ehrenamt tag-freiwillige tag-rebhuhn\">\n\t\t\t<div class=\"raven-post\">\n\t\t\t\t\t\t<div class=\"raven-post-image-wrap\">\n\t\t\t<a class=\"raven-post-image raven-image-fit\" href=\"https:\/\/natura2000.nfga.de\/gik\/frohes-weihnachtsfest-und-einen-guten-start-in-das-neue-jahr\/\"><img loading=\"lazy\" decoding=\"async\" width=\"1007\" height=\"757\" src=\"https:\/\/natura2000.nfga.de\/gik\/wp-content\/uploads\/sites\/4\/2023\/12\/Weihnachtsgruesse_Station_neu.jpg\" class=\"attachment-large size-large wp-image-2850\" alt=\"\" srcset=\"https:\/\/natura2000.nfga.de\/gik\/wp-content\/uploads\/sites\/4\/2023\/12\/Weihnachtsgruesse_Station_neu.jpg 1007w, https:\/\/natura2000.nfga.de\/gik\/wp-content\/uploads\/sites\/4\/2023\/12\/Weihnachtsgruesse_Station_neu-300x226.jpg 300w, https:\/\/natura2000.nfga.de\/gik\/wp-content\/uploads\/sites\/4\/2023\/12\/Weihnachtsgruesse_Station_neu-768x577.jpg 768w\" sizes=\"(max-width: 1007px) 100vw, 1007px\" \/> <span class=\"raven-post-image-overlay\"><\/span><\/a>\t\t<\/div>\n\t\t\t\t\t\t<div class=\"raven-post-content\">\n\t\t\t\t\t<h3 class=\"raven-post-title\"><a class=\"raven-post-title-link\" href=\"https:\/\/natura2000.nfga.de\/gik\/frohes-weihnachtsfest-und-einen-guten-start-in-das-neue-jahr\/\">Frohes Weihnachtsfest und einen guten Start in das neue Jahr!<\/a><\/h3><div class=\"raven-post-excerpt\">Das Team der Natura 2000-Station Gotha\/Ilm-Kreis w\u00fcnscht<\/div>\t\t<div class=\"raven-post-read-more\">\n\t\t\t<a class=\"raven-post-button\" href=\"https:\/\/natura2000.nfga.de\/gik\/frohes-weihnachtsfest-und-einen-guten-start-in-das-neue-jahr\/\"><span class=\"raven-post-button-text\">weiterlesen<\/span><\/a>\n\t\t<\/div>\n\t\t\t\t\t\t<\/div>\n\t\t\t<\/div>\n\t\t<\/div>\n\t\t\t\t<div class=\"raven-grid-item raven-post-item post-2844 post type-post status-publish format-standard has-post-thumbnail hentry category-allgemein\">\n\t\t\t<div class=\"raven-post\">\n\t\t\t\t\t\t<div class=\"raven-post-image-wrap\">\n\t\t\t<a class=\"raven-post-image raven-image-fit\" href=\"https:\/\/natura2000.nfga.de\/gik\/vorankuendigung-hirschkaeferfest-am-29-06-2024\/\"><img loading=\"lazy\" decoding=\"async\" width=\"1024\" height=\"683\" src=\"https:\/\/natura2000.nfga.de\/gik\/wp-content\/uploads\/sites\/4\/2023\/06\/image00026-min-1024x683.jpeg\" class=\"attachment-large size-large wp-image-2638\" alt=\"\" srcset=\"https:\/\/natura2000.nfga.de\/gik\/wp-content\/uploads\/sites\/4\/2023\/06\/image00026-min-1024x683.jpeg 1024w, https:\/\/natura2000.nfga.de\/gik\/wp-content\/uploads\/sites\/4\/2023\/06\/image00026-min-300x200.jpeg 300w, https:\/\/natura2000.nfga.de\/gik\/wp-content\/uploads\/sites\/4\/2023\/06\/image00026-min-768x512.jpeg 768w, https:\/\/natura2000.nfga.de\/gik\/wp-content\/uploads\/sites\/4\/2023\/06\/image00026-min-1536x1024.jpeg 1536w, https:\/\/natura2000.nfga.de\/gik\/wp-content\/uploads\/sites\/4\/2023\/06\/image00026-min-2048x1365.jpeg 2048w\" sizes=\"(max-width: 1024px) 100vw, 1024px\" \/> <span class=\"raven-post-image-overlay\"><\/span><\/a>\t\t<\/div>\n\t\t\t\t\t\t<div class=\"raven-post-content\">\n\t\t\t\t\t<h3 class=\"raven-post-title\"><a class=\"raven-post-title-link\" href=\"https:\/\/natura2000.nfga.de\/gik\/vorankuendigung-hirschkaeferfest-am-29-06-2024\/\">Vorank\u00fcndigung Hirschk\u00e4ferfest am 29.06.2024<\/a><\/h3><div class=\"raven-post-excerpt\">Unser n\u00e4chstes Hirschk\u00e4ferfest findet<\/div>\t\t<div class=\"raven-post-read-more\">\n\t\t\t<a class=\"raven-post-button\" href=\"https:\/\/natura2000.nfga.de\/gik\/vorankuendigung-hirschkaeferfest-am-29-06-2024\/\"><span class=\"raven-post-button-text\">weiterlesen<\/span><\/a>\n\t\t<\/div>\n\t\t\t\t\t\t<\/div>\n\t\t\t<\/div>\n\t\t<\/div>\n\t\t\t\t<div class=\"raven-grid-item raven-post-item post-2795 post type-post status-publish format-standard has-post-thumbnail hentry category-allgemein\">\n\t\t\t<div class=\"raven-post\">\n\t\t\t\t\t\t<div class=\"raven-post-image-wrap\">\n\t\t\t<a class=\"raven-post-image raven-image-fit\" href=\"https:\/\/natura2000.nfga.de\/gik\/die-ersten-zwei-schulungen-im-projekt-insektenschutz-in-der-kommune-beratung-zur-insektenfreundlichen-flaechenpflege-fuer-mehr-natur-in-dorf-und-stadt-liegen-bereits-hinter-uns\/\"><img loading=\"lazy\" decoding=\"async\" width=\"1024\" height=\"683\" src=\"https:\/\/natura2000.nfga.de\/gik\/wp-content\/uploads\/sites\/4\/2023\/09\/DSCF3845-min-1024x683.jpg\" class=\"attachment-large size-large wp-image-2806\" alt=\"\" srcset=\"https:\/\/natura2000.nfga.de\/gik\/wp-content\/uploads\/sites\/4\/2023\/09\/DSCF3845-min-1024x683.jpg 1024w, https:\/\/natura2000.nfga.de\/gik\/wp-content\/uploads\/sites\/4\/2023\/09\/DSCF3845-min-300x200.jpg 300w, https:\/\/natura2000.nfga.de\/gik\/wp-content\/uploads\/sites\/4\/2023\/09\/DSCF3845-min-768x512.jpg 768w, https:\/\/natura2000.nfga.de\/gik\/wp-content\/uploads\/sites\/4\/2023\/09\/DSCF3845-min-1536x1024.jpg 1536w, https:\/\/natura2000.nfga.de\/gik\/wp-content\/uploads\/sites\/4\/2023\/09\/DSCF3845-min-2048x1365.jpg 2048w\" sizes=\"(max-width: 1024px) 100vw, 1024px\" \/> <span class=\"raven-post-image-overlay\"><\/span><\/a>\t\t<\/div>\n\t\t\t\t\t\t<div class=\"raven-post-content\">\n\t\t\t\t\t<h3 class=\"raven-post-title\"><a class=\"raven-post-title-link\" href=\"https:\/\/natura2000.nfga.de\/gik\/die-ersten-zwei-schulungen-im-projekt-insektenschutz-in-der-kommune-beratung-zur-insektenfreundlichen-flaechenpflege-fuer-mehr-natur-in-dorf-und-stadt-liegen-bereits-hinter-uns\/\">Auftakt der Veranstaltungsreihe f\u00fcr mehr Natur in Dorf und Stadt durch insektenfreundliche Bl\u00fchfl\u00e4chen<\/a><\/h3><div class=\"raven-post-excerpt\">Erfahre mehr \u00fcber die ersten zwei Schulungen.<\/div>\t\t<div class=\"raven-post-read-more\">\n\t\t\t<a class=\"raven-post-button\" href=\"https:\/\/natura2000.nfga.de\/gik\/die-ersten-zwei-schulungen-im-projekt-insektenschutz-in-der-kommune-beratung-zur-insektenfreundlichen-flaechenpflege-fuer-mehr-natur-in-dorf-und-stadt-liegen-bereits-hinter-uns\/\"><span class=\"raven-post-button-text\">weiterlesen<\/span><\/a>\n\t\t<\/div>\n\t\t\t\t\t\t<\/div>\n\t\t\t<\/div>\n\t\t<\/div>\n\t\t\t\t<div class=\"raven-grid-item raven-post-item post-2786 post type-post status-publish format-standard has-post-thumbnail hentry category-allgemein tag-artenschutz tag-ehrenamt tag-freiwillige tag-rebhuhn\">\n\t\t\t<div class=\"raven-post\">\n\t\t\t\t\t\t<div class=\"raven-post-image-wrap\">\n\t\t\t<a class=\"raven-post-image raven-image-fit\" href=\"https:\/\/natura2000.nfga.de\/gik\/vergabe-von-landschaftspflegeleistungen\/\"><img loading=\"lazy\" decoding=\"async\" width=\"1024\" height=\"768\" src=\"https:\/\/natura2000.nfga.de\/gik\/wp-content\/uploads\/sites\/4\/2023\/09\/DSC08789_klein-1024x768.jpg\" class=\"attachment-large size-large wp-image-2787\" alt=\"\" srcset=\"https:\/\/natura2000.nfga.de\/gik\/wp-content\/uploads\/sites\/4\/2023\/09\/DSC08789_klein-1024x768.jpg 1024w, https:\/\/natura2000.nfga.de\/gik\/wp-content\/uploads\/sites\/4\/2023\/09\/DSC08789_klein-300x225.jpg 300w, https:\/\/natura2000.nfga.de\/gik\/wp-content\/uploads\/sites\/4\/2023\/09\/DSC08789_klein-768x576.jpg 768w, https:\/\/natura2000.nfga.de\/gik\/wp-content\/uploads\/sites\/4\/2023\/09\/DSC08789_klein-1536x1152.jpg 1536w, https:\/\/natura2000.nfga.de\/gik\/wp-content\/uploads\/sites\/4\/2023\/09\/DSC08789_klein-2048x1536.jpg 2048w\" sizes=\"(max-width: 1024px) 100vw, 1024px\" \/> <span class=\"raven-post-image-overlay\"><\/span><\/a>\t\t<\/div>\n\t\t\t\t\t\t<div class=\"raven-post-content\">\n\t\t\t\t\t<h3 class=\"raven-post-title\"><a class=\"raven-post-title-link\" href=\"https:\/\/natura2000.nfga.de\/gik\/vergabe-von-landschaftspflegeleistungen\/\">Vergabe von Landschaftspflegeleistungen<\/a><\/h3><div class=\"raven-post-excerpt\">Erfahren Sie mehr \u00fcber die Vergabe<\/div>\t\t<div class=\"raven-post-read-more\">\n\t\t\t<a class=\"raven-post-button\" href=\"https:\/\/natura2000.nfga.de\/gik\/vergabe-von-landschaftspflegeleistungen\/\"><span class=\"raven-post-button-text\">weiterlesen<\/span><\/a>\n\t\t<\/div>\n\t\t\t\t\t\t<\/div>\n\t\t\t<\/div>\n\t\t<\/div>\n\t\t\t\t<div class=\"raven-grid-item raven-post-item post-2689 post type-post status-publish format-standard has-post-thumbnail hentry category-allgemein\">\n\t\t\t<div class=\"raven-post\">\n\t\t\t\t\t\t<div class=\"raven-post-image-wrap\">\n\t\t\t<a class=\"raven-post-image raven-image-fit\" href=\"https:\/\/natura2000.nfga.de\/gik\/das-beraterprojekt-stellt-sich-vor\/\"><img loading=\"lazy\" decoding=\"async\" width=\"1024\" height=\"683\" src=\"https:\/\/natura2000.nfga.de\/gik\/wp-content\/uploads\/sites\/4\/2023\/07\/DSCF2840-min-1024x683.jpg\" class=\"attachment-large size-large wp-image-2693\" alt=\"\" srcset=\"https:\/\/natura2000.nfga.de\/gik\/wp-content\/uploads\/sites\/4\/2023\/07\/DSCF2840-min-1024x683.jpg 1024w, https:\/\/natura2000.nfga.de\/gik\/wp-content\/uploads\/sites\/4\/2023\/07\/DSCF2840-min-300x200.jpg 300w, https:\/\/natura2000.nfga.de\/gik\/wp-content\/uploads\/sites\/4\/2023\/07\/DSCF2840-min-768x512.jpg 768w, https:\/\/natura2000.nfga.de\/gik\/wp-content\/uploads\/sites\/4\/2023\/07\/DSCF2840-min-1536x1024.jpg 1536w, https:\/\/natura2000.nfga.de\/gik\/wp-content\/uploads\/sites\/4\/2023\/07\/DSCF2840-min-2048x1365.jpg 2048w\" sizes=\"(max-width: 1024px) 100vw, 1024px\" \/> <span class=\"raven-post-image-overlay\"><\/span><\/a>\t\t<\/div>\n\t\t\t\t\t\t<div class=\"raven-post-content\">\n\t\t\t\t\t<h3 class=\"raven-post-title\"><a class=\"raven-post-title-link\" href=\"https:\/\/natura2000.nfga.de\/gik\/das-beraterprojekt-stellt-sich-vor\/\">Das Projekt-\u201eInsektenschutz in der Kommune: Beratung zur insektenfreundlichen Fl\u00e4chenpflege f\u00fcr Mehr Natur in Dorf und Stadt\u201c stellt sich vor<\/a><\/h3><div class=\"raven-post-excerpt\">Erfahre mehr \u00fcber das Beraterprojekt.<\/div>\t\t<div class=\"raven-post-read-more\">\n\t\t\t<a class=\"raven-post-button\" href=\"https:\/\/natura2000.nfga.de\/gik\/das-beraterprojekt-stellt-sich-vor\/\"><span class=\"raven-post-button-text\">weiterlesen<\/span><\/a>\n\t\t<\/div>\n\t\t\t\t\t\t<\/div>\n\t\t\t<\/div>\n\t\t<\/div>\n\t\t\t\t<div class=\"raven-grid-item raven-post-item post-2662 post type-post status-publish format-standard has-post-thumbnail hentry category-allgemein tag-artenschutz tag-ehrenamt tag-freiwillige tag-rebhuhn\">\n\t\t\t<div class=\"raven-post\">\n\t\t\t\t\t\t<div class=\"raven-post-image-wrap\">\n\t\t\t<a class=\"raven-post-image raven-image-fit\" href=\"https:\/\/natura2000.nfga.de\/gik\/rebhuhnprojekt-gestartet\/\"><img loading=\"lazy\" decoding=\"async\" width=\"1024\" height=\"512\" src=\"https:\/\/natura2000.nfga.de\/gik\/wp-content\/uploads\/sites\/4\/2023\/07\/Logo_FIN_web_RGB-1024x512.jpg\" class=\"attachment-large size-large wp-image-2663\" alt=\"\" srcset=\"https:\/\/natura2000.nfga.de\/gik\/wp-content\/uploads\/sites\/4\/2023\/07\/Logo_FIN_web_RGB-1024x512.jpg 1024w, https:\/\/natura2000.nfga.de\/gik\/wp-content\/uploads\/sites\/4\/2023\/07\/Logo_FIN_web_RGB-300x150.jpg 300w, https:\/\/natura2000.nfga.de\/gik\/wp-content\/uploads\/sites\/4\/2023\/07\/Logo_FIN_web_RGB-768x384.jpg 768w, https:\/\/natura2000.nfga.de\/gik\/wp-content\/uploads\/sites\/4\/2023\/07\/Logo_FIN_web_RGB-1536x768.jpg 1536w, https:\/\/natura2000.nfga.de\/gik\/wp-content\/uploads\/sites\/4\/2023\/07\/Logo_FIN_web_RGB-2048x1024.jpg 2048w\" sizes=\"(max-width: 1024px) 100vw, 1024px\" \/> <span class=\"raven-post-image-overlay\"><\/span><\/a>\t\t<\/div>\n\t\t\t\t\t\t<div class=\"raven-post-content\">\n\t\t\t\t\t<h3 class=\"raven-post-title\"><a class=\"raven-post-title-link\" href=\"https:\/\/natura2000.nfga.de\/gik\/rebhuhnprojekt-gestartet\/\">Rebhuhnprojekt gestartet!<\/a><\/h3><div class=\"raven-post-excerpt\">Erfahre mehr \u00fcber unser neues Projekt zum Schutz des Rebhuhns.<\/div>\t\t<div class=\"raven-post-read-more\">\n\t\t\t<a class=\"raven-post-button\" href=\"https:\/\/natura2000.nfga.de\/gik\/rebhuhnprojekt-gestartet\/\"><span class=\"raven-post-button-text\">weiterlesen<\/span><\/a>\n\t\t<\/div>\n\t\t\t\t\t\t<\/div>\n\t\t\t<\/div>\n\t\t<\/div>\n\t\t\t\t<div class=\"raven-grid-item raven-post-item post-2656 post type-post status-publish format-standard has-post-thumbnail hentry category-allgemein\">\n\t\t\t<div class=\"raven-post\">\n\t\t\t\t\t\t<div class=\"raven-post-image-wrap\">\n\t\t\t<a class=\"raven-post-image raven-image-fit\" href=\"https:\/\/natura2000.nfga.de\/gik\/das-war-unser-hirschkaeferfest-auf-der-burg-gleichen-am-24-06-2023\/\"><img loading=\"lazy\" decoding=\"async\" width=\"1024\" height=\"683\" src=\"https:\/\/natura2000.nfga.de\/gik\/wp-content\/uploads\/sites\/4\/2023\/06\/image00026-min-1024x683.jpeg\" class=\"attachment-large size-large wp-image-2638\" alt=\"\" srcset=\"https:\/\/natura2000.nfga.de\/gik\/wp-content\/uploads\/sites\/4\/2023\/06\/image00026-min-1024x683.jpeg 1024w, https:\/\/natura2000.nfga.de\/gik\/wp-content\/uploads\/sites\/4\/2023\/06\/image00026-min-300x200.jpeg 300w, https:\/\/natura2000.nfga.de\/gik\/wp-content\/uploads\/sites\/4\/2023\/06\/image00026-min-768x512.jpeg 768w, https:\/\/natura2000.nfga.de\/gik\/wp-content\/uploads\/sites\/4\/2023\/06\/image00026-min-1536x1024.jpeg 1536w, https:\/\/natura2000.nfga.de\/gik\/wp-content\/uploads\/sites\/4\/2023\/06\/image00026-min-2048x1365.jpeg 2048w\" sizes=\"(max-width: 1024px) 100vw, 1024px\" \/> <span class=\"raven-post-image-overlay\"><\/span><\/a>\t\t<\/div>\n\t\t\t\t\t\t<div class=\"raven-post-content\">\n\t\t\t\t\t<h3 class=\"raven-post-title\"><a class=\"raven-post-title-link\" href=\"https:\/\/natura2000.nfga.de\/gik\/das-war-unser-hirschkaeferfest-auf-der-burg-gleichen-am-24-06-2023\/\">Das war unser Hirschk\u00e4ferfest auf der Burg Gleichen am 24.06.2023<\/a><\/h3><div class=\"raven-post-excerpt\">Hier erfahren Sie, wie wir in diesem Jahr unser Wappentier gefeiert haben.<\/div>\t\t<div class=\"raven-post-read-more\">\n\t\t\t<a class=\"raven-post-button\" href=\"https:\/\/natura2000.nfga.de\/gik\/das-war-unser-hirschkaeferfest-auf-der-burg-gleichen-am-24-06-2023\/\"><span class=\"raven-post-button-text\">weiterlesen<\/span><\/a>\n\t\t<\/div>\n\t\t\t\t\t\t<\/div>\n\t\t\t<\/div>\n\t\t<\/div>\n\t\t\t\t<div class=\"raven-grid-item raven-post-item post-2512 post type-post status-publish format-standard has-post-thumbnail hentry category-allgemein\">\n\t\t\t<div class=\"raven-post\">\n\t\t\t\t\t\t<div class=\"raven-post-image-wrap\">\n\t\t\t<a class=\"raven-post-image raven-image-fit\" href=\"https:\/\/natura2000.nfga.de\/gik\/das-streuobstwiesen-projekt-stellet-sich-vor\/\"><img loading=\"lazy\" decoding=\"async\" width=\"768\" height=\"1024\" src=\"https:\/\/natura2000.nfga.de\/gik\/wp-content\/uploads\/sites\/4\/2022\/12\/image00008-min-768x1024.jpeg\" class=\"attachment-large size-large wp-image-2123\" alt=\"\" srcset=\"https:\/\/natura2000.nfga.de\/gik\/wp-content\/uploads\/sites\/4\/2022\/12\/image00008-min-768x1024.jpeg 768w, https:\/\/natura2000.nfga.de\/gik\/wp-content\/uploads\/sites\/4\/2022\/12\/image00008-min-225x300.jpeg 225w, https:\/\/natura2000.nfga.de\/gik\/wp-content\/uploads\/sites\/4\/2022\/12\/image00008-min-1152x1536.jpeg 1152w, https:\/\/natura2000.nfga.de\/gik\/wp-content\/uploads\/sites\/4\/2022\/12\/image00008-min-1536x2048.jpeg 1536w, https:\/\/natura2000.nfga.de\/gik\/wp-content\/uploads\/sites\/4\/2022\/12\/image00008-min-scaled.jpeg 1920w\" sizes=\"(max-width: 768px) 100vw, 768px\" \/> <span class=\"raven-post-image-overlay\"><\/span><\/a>\t\t<\/div>\n\t\t\t\t\t\t<div class=\"raven-post-content\">\n\t\t\t\t\t<h3 class=\"raven-post-title\"><a class=\"raven-post-title-link\" href=\"https:\/\/natura2000.nfga.de\/gik\/das-streuobstwiesen-projekt-stellet-sich-vor\/\">Das Streuobstwiesen-Projekt stellt sich vor<\/a><\/h3><div class=\"raven-post-excerpt\">Erfahre mehr \u00fcber das Streuobstwiesen-Projekt im Gotha\/Ilm-Kreis.<\/div>\t\t<div class=\"raven-post-read-more\">\n\t\t\t<a class=\"raven-post-button\" href=\"https:\/\/natura2000.nfga.de\/gik\/das-streuobstwiesen-projekt-stellet-sich-vor\/\"><span class=\"raven-post-button-text\">weiterlesen<\/span><\/a>\n\t\t<\/div>\n\t\t\t\t\t\t<\/div>\n\t\t\t<\/div>\n\t\t<\/div>\n\t\t\t\t<div class=\"raven-grid-item raven-post-item post-2496 post type-post status-publish format-standard has-post-thumbnail hentry category-allgemein\">\n\t\t\t<div class=\"raven-post\">\n\t\t\t\t\t\t<div class=\"raven-post-image-wrap\">\n\t\t\t<a class=\"raven-post-image raven-image-fit\" href=\"https:\/\/natura2000.nfga.de\/gik\/24-06-2023-hirschkaeferfest-auf-der-burg-gleichen-bei-wandersleben\/\"><img loading=\"lazy\" decoding=\"async\" width=\"692\" height=\"882\" src=\"https:\/\/natura2000.nfga.de\/gik\/wp-content\/uploads\/sites\/4\/2023\/05\/Hirschkaeferfest_2023-1.jpg\" class=\"attachment-large size-large wp-image-2499\" alt=\"\" srcset=\"https:\/\/natura2000.nfga.de\/gik\/wp-content\/uploads\/sites\/4\/2023\/05\/Hirschkaeferfest_2023-1.jpg 692w, https:\/\/natura2000.nfga.de\/gik\/wp-content\/uploads\/sites\/4\/2023\/05\/Hirschkaeferfest_2023-1-235x300.jpg 235w\" sizes=\"(max-width: 692px) 100vw, 692px\" \/> <span class=\"raven-post-image-overlay\"><\/span><\/a>\t\t<\/div>\n\t\t\t\t\t\t<div class=\"raven-post-content\">\n\t\t\t\t\t<h3 class=\"raven-post-title\"><a class=\"raven-post-title-link\" href=\"https:\/\/natura2000.nfga.de\/gik\/24-06-2023-hirschkaeferfest-auf-der-burg-gleichen-bei-wandersleben\/\">24.06.2023 Hirschk\u00e4ferfest auf der Burg Gleichen bei Wandersleben<\/a><\/h3><div class=\"raven-post-excerpt\">Gemeinsam mit dem Naturkundemuseum Erfurt laden wir Sie herzlich auf die Spurensuche nach dem Hirschk\u00e4fer ein.<\/div>\t\t<div class=\"raven-post-read-more\">\n\t\t\t<a class=\"raven-post-button\" href=\"https:\/\/natura2000.nfga.de\/gik\/24-06-2023-hirschkaeferfest-auf-der-burg-gleichen-bei-wandersleben\/\"><span class=\"raven-post-button-text\">weiterlesen<\/span><\/a>\n\t\t<\/div>\n\t\t\t\t\t\t<\/div>\n\t\t\t<\/div>\n\t\t<\/div>\n\t\t\t\t<div class=\"raven-grid-item raven-post-item post-2483 post type-post status-publish format-standard has-post-thumbnail hentry category-allgemein tag-artenschutz\">\n\t\t\t<div class=\"raven-post\">\n\t\t\t\t\t\t<div class=\"raven-post-image-wrap\">\n\t\t\t<a class=\"raven-post-image raven-image-fit\" href=\"https:\/\/natura2000.nfga.de\/gik\/fotowettbewerb-im-projekt-via-natura-2000-2\/\"><img loading=\"lazy\" decoding=\"async\" width=\"1024\" height=\"669\" src=\"https:\/\/natura2000.nfga.de\/gik\/wp-content\/uploads\/sites\/4\/2023\/05\/03_DeniseMueller-1-1024x669.jpg\" class=\"attachment-large size-large wp-image-2484\" alt=\"\" srcset=\"https:\/\/natura2000.nfga.de\/gik\/wp-content\/uploads\/sites\/4\/2023\/05\/03_DeniseMueller-1-1024x669.jpg 1024w, https:\/\/natura2000.nfga.de\/gik\/wp-content\/uploads\/sites\/4\/2023\/05\/03_DeniseMueller-1-300x196.jpg 300w, https:\/\/natura2000.nfga.de\/gik\/wp-content\/uploads\/sites\/4\/2023\/05\/03_DeniseMueller-1-768x502.jpg 768w, https:\/\/natura2000.nfga.de\/gik\/wp-content\/uploads\/sites\/4\/2023\/05\/03_DeniseMueller-1-1536x1004.jpg 1536w, https:\/\/natura2000.nfga.de\/gik\/wp-content\/uploads\/sites\/4\/2023\/05\/03_DeniseMueller-1-2048x1339.jpg 2048w\" sizes=\"(max-width: 1024px) 100vw, 1024px\" \/> <span class=\"raven-post-image-overlay\"><\/span><\/a>\t\t<\/div>\n\t\t\t\t\t\t<div class=\"raven-post-content\">\n\t\t\t\t\t<h3 class=\"raven-post-title\"><a class=\"raven-post-title-link\" href=\"https:\/\/natura2000.nfga.de\/gik\/fotowettbewerb-im-projekt-via-natura-2000-2\/\">Fotowettbewerb im Projekt \u201eVIA Natura 2000\u201c<\/a><\/h3><div class=\"raven-post-excerpt\">3. Fotowettbewerb im Projekt VIA Natura 2000 ab 10. Mai 2023 gestartet.<\/div>\t\t<div class=\"raven-post-read-more\">\n\t\t\t<a class=\"raven-post-button\" href=\"https:\/\/natura2000.nfga.de\/gik\/fotowettbewerb-im-projekt-via-natura-2000-2\/\"><span class=\"raven-post-button-text\">weiterlesen<\/span><\/a>\n\t\t<\/div>\n\t\t\t\t\t\t<\/div>\n\t\t\t<\/div>\n\t\t<\/div>\n\t\t\t\t<div class=\"raven-grid-item raven-post-item post-2450 post type-post status-publish format-standard has-post-thumbnail hentry category-allgemein\">\n\t\t\t<div class=\"raven-post\">\n\t\t\t\t\t\t<div class=\"raven-post-image-wrap\">\n\t\t\t<a class=\"raven-post-image raven-image-fit\" href=\"https:\/\/natura2000.nfga.de\/gik\/das-projekt-invasive-neophyten-stellt-sich-vor\/\"><img loading=\"lazy\" decoding=\"async\" width=\"800\" height=\"533\" src=\"https:\/\/natura2000.nfga.de\/gik\/wp-content\/uploads\/sites\/4\/2022\/03\/Neophyten.jpg\" class=\"attachment-large size-large wp-image-948\" alt=\"\" srcset=\"https:\/\/natura2000.nfga.de\/gik\/wp-content\/uploads\/sites\/4\/2022\/03\/Neophyten.jpg 800w, https:\/\/natura2000.nfga.de\/gik\/wp-content\/uploads\/sites\/4\/2022\/03\/Neophyten-300x200.jpg 300w, https:\/\/natura2000.nfga.de\/gik\/wp-content\/uploads\/sites\/4\/2022\/03\/Neophyten-768x512.jpg 768w\" sizes=\"(max-width: 800px) 100vw, 800px\" \/> <span class=\"raven-post-image-overlay\"><\/span><\/a>\t\t<\/div>\n\t\t\t\t\t\t<div class=\"raven-post-content\">\n\t\t\t\t\t<h3 class=\"raven-post-title\"><a class=\"raven-post-title-link\" href=\"https:\/\/natura2000.nfga.de\/gik\/das-projekt-invasive-neophyten-stellt-sich-vor\/\">Das Projekt &#8222;Invasive Neophyten&#8220; stellt sich vor<\/a><\/h3><div class=\"raven-post-excerpt\">Erfahre mehr \u00fcber das Projekt zur Bek\u00e4mpfung invasiver Neophyten<\/div>\t\t<div class=\"raven-post-read-more\">\n\t\t\t<a class=\"raven-post-button\" href=\"https:\/\/natura2000.nfga.de\/gik\/das-projekt-invasive-neophyten-stellt-sich-vor\/\"><span class=\"raven-post-button-text\">weiterlesen<\/span><\/a>\n\t\t<\/div>\n\t\t\t\t\t\t<\/div>\n\t\t\t<\/div>\n\t\t<\/div>\n\t\t\t\t<div class=\"raven-grid-item raven-post-item post-2403 post type-post status-publish format-standard has-post-thumbnail hentry category-allgemein tag-artenschutz\">\n\t\t\t<div class=\"raven-post\">\n\t\t\t\t\t\t<div class=\"raven-post-image-wrap\">\n\t\t\t<a class=\"raven-post-image raven-image-fit\" href=\"https:\/\/natura2000.nfga.de\/gik\/das-projekt-sofortprogramm-feldhamsterschutz-in-thueringen-stellt-sich-vor\/\"><img loading=\"lazy\" decoding=\"async\" width=\"1024\" height=\"890\" src=\"https:\/\/natura2000.nfga.de\/gik\/wp-content\/uploads\/sites\/4\/2022\/11\/Feldhamster_Hock-scaled-e1667993381783-1024x890.jpg\" class=\"attachment-large size-large wp-image-1982\" alt=\"\" srcset=\"https:\/\/natura2000.nfga.de\/gik\/wp-content\/uploads\/sites\/4\/2022\/11\/Feldhamster_Hock-scaled-e1667993381783-1024x890.jpg 1024w, https:\/\/natura2000.nfga.de\/gik\/wp-content\/uploads\/sites\/4\/2022\/11\/Feldhamster_Hock-scaled-e1667993381783-300x261.jpg 300w, https:\/\/natura2000.nfga.de\/gik\/wp-content\/uploads\/sites\/4\/2022\/11\/Feldhamster_Hock-scaled-e1667993381783-768x667.jpg 768w, https:\/\/natura2000.nfga.de\/gik\/wp-content\/uploads\/sites\/4\/2022\/11\/Feldhamster_Hock-scaled-e1667993381783-1536x1335.jpg 1536w, https:\/\/natura2000.nfga.de\/gik\/wp-content\/uploads\/sites\/4\/2022\/11\/Feldhamster_Hock-scaled-e1667993381783.jpg 1907w\" sizes=\"(max-width: 1024px) 100vw, 1024px\" \/> <span class=\"raven-post-image-overlay\"><\/span><\/a>\t\t<\/div>\n\t\t\t\t\t\t<div class=\"raven-post-content\">\n\t\t\t\t\t<h3 class=\"raven-post-title\"><a class=\"raven-post-title-link\" href=\"https:\/\/natura2000.nfga.de\/gik\/das-projekt-sofortprogramm-feldhamsterschutz-in-thueringen-stellt-sich-vor\/\">Das Projekt &#8222;Sofortprogramm Feldhamsterschutz in Th\u00fcringen&#8220; stellt sich vor<\/a><\/h3><div class=\"raven-post-excerpt\">Erfahre mehr \u00fcber das Projekt zum Schutz des Feldhamsters.<\/div>\t\t<div class=\"raven-post-read-more\">\n\t\t\t<a class=\"raven-post-button\" href=\"https:\/\/natura2000.nfga.de\/gik\/das-projekt-sofortprogramm-feldhamsterschutz-in-thueringen-stellt-sich-vor\/\"><span class=\"raven-post-button-text\">weiterlesen<\/span><\/a>\n\t\t<\/div>\n\t\t\t\t\t\t<\/div>\n\t\t\t<\/div>\n\t\t<\/div>\n\t\t\t\t<div class=\"raven-grid-item raven-post-item post-2333 post type-post status-publish format-standard has-post-thumbnail hentry category-allgemein tag-artenschutz\">\n\t\t\t<div class=\"raven-post\">\n\t\t\t\t\t\t<div class=\"raven-post-image-wrap\">\n\t\t\t<a class=\"raven-post-image raven-image-fit\" href=\"https:\/\/natura2000.nfga.de\/gik\/das-projekt-eine-zukunft-fuer-den-skabiosen-scheckenfalter-in-thueringen-stellt-sich-vor\/\"><img loading=\"lazy\" decoding=\"async\" width=\"1024\" height=\"1024\" src=\"https:\/\/natura2000.nfga.de\/gik\/wp-content\/uploads\/sites\/4\/2023\/01\/Skabiosen-Scheckenfalter-auf-Ranunculus_Alice-1024x1024.jpg\" class=\"attachment-large size-large wp-image-2334\" alt=\"\" srcset=\"https:\/\/natura2000.nfga.de\/gik\/wp-content\/uploads\/sites\/4\/2023\/01\/Skabiosen-Scheckenfalter-auf-Ranunculus_Alice-1024x1024.jpg 1024w, https:\/\/natura2000.nfga.de\/gik\/wp-content\/uploads\/sites\/4\/2023\/01\/Skabiosen-Scheckenfalter-auf-Ranunculus_Alice-300x300.jpg 300w, https:\/\/natura2000.nfga.de\/gik\/wp-content\/uploads\/sites\/4\/2023\/01\/Skabiosen-Scheckenfalter-auf-Ranunculus_Alice-150x150.jpg 150w, https:\/\/natura2000.nfga.de\/gik\/wp-content\/uploads\/sites\/4\/2023\/01\/Skabiosen-Scheckenfalter-auf-Ranunculus_Alice-768x767.jpg 768w, https:\/\/natura2000.nfga.de\/gik\/wp-content\/uploads\/sites\/4\/2023\/01\/Skabiosen-Scheckenfalter-auf-Ranunculus_Alice-1536x1534.jpg 1536w, https:\/\/natura2000.nfga.de\/gik\/wp-content\/uploads\/sites\/4\/2023\/01\/Skabiosen-Scheckenfalter-auf-Ranunculus_Alice-2048x2046.jpg 2048w, https:\/\/natura2000.nfga.de\/gik\/wp-content\/uploads\/sites\/4\/2023\/01\/Skabiosen-Scheckenfalter-auf-Ranunculus_Alice-500x500.jpg 500w\" sizes=\"(max-width: 1024px) 100vw, 1024px\" \/> <span class=\"raven-post-image-overlay\"><\/span><\/a>\t\t<\/div>\n\t\t\t\t\t\t<div class=\"raven-post-content\">\n\t\t\t\t\t<h3 class=\"raven-post-title\"><a class=\"raven-post-title-link\" href=\"https:\/\/natura2000.nfga.de\/gik\/das-projekt-eine-zukunft-fuer-den-skabiosen-scheckenfalter-in-thueringen-stellt-sich-vor\/\">Das Projekt &#8222;Eine Zukunft f\u00fcr den Skabiosen-Scheckenfalter in Th\u00fcringen&#8220; stellt sich vor<\/a><\/h3><div class=\"raven-post-excerpt\">Erfahre mehr \u00fcber den gef\u00e4hrdeten Tagfalter und unser Projekt zu seinem Schutz.<\/div>\t\t<div class=\"raven-post-read-more\">\n\t\t\t<a class=\"raven-post-button\" href=\"https:\/\/natura2000.nfga.de\/gik\/das-projekt-eine-zukunft-fuer-den-skabiosen-scheckenfalter-in-thueringen-stellt-sich-vor\/\"><span class=\"raven-post-button-text\">weiterlesen<\/span><\/a>\n\t\t<\/div>\n\t\t\t\t\t\t<\/div>\n\t\t\t<\/div>\n\t\t<\/div>\n\t\t\t\t<div class=\"raven-grid-item raven-post-item post-2314 post type-post status-publish format-standard has-post-thumbnail hentry category-allgemein tag-artenschutz tag-ehrenamtliche tag-freiwillige tag-rebhuhn\">\n\t\t\t<div class=\"raven-post\">\n\t\t\t\t\t\t<div class=\"raven-post-image-wrap\">\n\t\t\t<a class=\"raven-post-image raven-image-fit\" href=\"https:\/\/natura2000.nfga.de\/gik\/rebhuhn-schutz-vor-unserer-haustuer-wir-suchen-dich\/\"><img loading=\"lazy\" decoding=\"async\" width=\"488\" height=\"356\" src=\"https:\/\/natura2000.nfga.de\/gik\/wp-content\/uploads\/sites\/4\/2023\/01\/Bild_Rebhuhn.png\" class=\"attachment-large size-large wp-image-2305\" alt=\"\" srcset=\"https:\/\/natura2000.nfga.de\/gik\/wp-content\/uploads\/sites\/4\/2023\/01\/Bild_Rebhuhn.png 488w, https:\/\/natura2000.nfga.de\/gik\/wp-content\/uploads\/sites\/4\/2023\/01\/Bild_Rebhuhn-300x219.png 300w\" sizes=\"(max-width: 488px) 100vw, 488px\" \/> <span class=\"raven-post-image-overlay\"><\/span><\/a>\t\t<\/div>\n\t\t\t\t\t\t<div class=\"raven-post-content\">\n\t\t\t\t\t<h3 class=\"raven-post-title\"><a class=\"raven-post-title-link\" href=\"https:\/\/natura2000.nfga.de\/gik\/rebhuhn-schutz-vor-unserer-haustuer-wir-suchen-dich\/\">Rebhuhn-Schutz vor unserer Haust\u00fcr \u2013 Wir suchen Dich!<\/a><\/h3><div class=\"raven-post-excerpt\">Du hast Lust Rebh\u00fchner zu sehen und aktiv was f\u00fcr den Naturschutz zu tun. Dann mach mit!<\/div>\t\t<div class=\"raven-post-read-more\">\n\t\t\t<a class=\"raven-post-button\" href=\"https:\/\/natura2000.nfga.de\/gik\/rebhuhn-schutz-vor-unserer-haustuer-wir-suchen-dich\/\"><span class=\"raven-post-button-text\">weiterlesen<\/span><\/a>\n\t\t<\/div>\n\t\t\t\t\t\t<\/div>\n\t\t\t<\/div>\n\t\t<\/div>\n\t\t\t\t<div class=\"raven-grid-item raven-post-item post-2245 post type-post status-publish format-standard has-post-thumbnail hentry category-allgemein tag-ehrenamt tag-wachtelkoenig\">\n\t\t\t<div class=\"raven-post\">\n\t\t\t\t\t\t<div class=\"raven-post-image-wrap\">\n\t\t\t<a class=\"raven-post-image raven-image-fit\" href=\"https:\/\/natura2000.nfga.de\/gik\/das-projekt-konigreich-wiese-stellt-sich-vor\/\"><img loading=\"lazy\" decoding=\"async\" width=\"556\" height=\"362\" src=\"https:\/\/natura2000.nfga.de\/gik\/wp-content\/uploads\/sites\/4\/2023\/01\/001709d7-e1673861808749.jpg\" class=\"attachment-large size-large wp-image-2251\" alt=\"\" srcset=\"https:\/\/natura2000.nfga.de\/gik\/wp-content\/uploads\/sites\/4\/2023\/01\/001709d7-e1673861808749.jpg 556w, https:\/\/natura2000.nfga.de\/gik\/wp-content\/uploads\/sites\/4\/2023\/01\/001709d7-e1673861808749-300x195.jpg 300w\" sizes=\"(max-width: 556px) 100vw, 556px\" \/> <span class=\"raven-post-image-overlay\"><\/span><\/a>\t\t<\/div>\n\t\t\t\t\t\t<div class=\"raven-post-content\">\n\t\t\t\t\t<h3 class=\"raven-post-title\"><a class=\"raven-post-title-link\" href=\"https:\/\/natura2000.nfga.de\/gik\/das-projekt-konigreich-wiese-stellt-sich-vor\/\">Das Projekt &#8222;K\u00f6nigreich Wiese&#8220; stellt sich vor<\/a><\/h3><div class=\"raven-post-excerpt\">Erfahre mehr \u00fcber Projekt zum Schutz von Wiesenbr\u00fctern und Tagfaltern auf Flachlandm\u00e4hwiesen.<\/div>\t\t<div class=\"raven-post-read-more\">\n\t\t\t<a class=\"raven-post-button\" href=\"https:\/\/natura2000.nfga.de\/gik\/das-projekt-konigreich-wiese-stellt-sich-vor\/\"><span class=\"raven-post-button-text\">weiterlesen<\/span><\/a>\n\t\t<\/div>\n\t\t\t\t\t\t<\/div>\n\t\t\t<\/div>\n\t\t<\/div>\n\t\t\t\t<div class=\"raven-grid-item raven-post-item post-2163 post type-post status-publish format-standard has-post-thumbnail hentry category-allgemein\">\n\t\t\t<div class=\"raven-post\">\n\t\t\t\t\t\t<div class=\"raven-post-image-wrap\">\n\t\t\t<a class=\"raven-post-image raven-image-fit\" href=\"https:\/\/natura2000.nfga.de\/gik\/22-12-22-weihnachtsbaumaktion-singer-berg\/\"><img loading=\"lazy\" decoding=\"async\" width=\"1024\" height=\"683\" src=\"https:\/\/natura2000.nfga.de\/gik\/wp-content\/uploads\/sites\/4\/2023\/01\/image00030-1024x683.jpeg\" class=\"attachment-large size-large wp-image-2169\" alt=\"\" srcset=\"https:\/\/natura2000.nfga.de\/gik\/wp-content\/uploads\/sites\/4\/2023\/01\/image00030-1024x683.jpeg 1024w, https:\/\/natura2000.nfga.de\/gik\/wp-content\/uploads\/sites\/4\/2023\/01\/image00030-300x200.jpeg 300w, https:\/\/natura2000.nfga.de\/gik\/wp-content\/uploads\/sites\/4\/2023\/01\/image00030-768x512.jpeg 768w, https:\/\/natura2000.nfga.de\/gik\/wp-content\/uploads\/sites\/4\/2023\/01\/image00030-1536x1024.jpeg 1536w, https:\/\/natura2000.nfga.de\/gik\/wp-content\/uploads\/sites\/4\/2023\/01\/image00030-2048x1365.jpeg 2048w\" sizes=\"(max-width: 1024px) 100vw, 1024px\" \/> <span class=\"raven-post-image-overlay\"><\/span><\/a>\t\t<\/div>\n\t\t\t\t\t\t<div class=\"raven-post-content\">\n\t\t\t\t\t<h3 class=\"raven-post-title\"><a class=\"raven-post-title-link\" href=\"https:\/\/natura2000.nfga.de\/gik\/22-12-22-weihnachtsbaumaktion-singer-berg\/\">22.12.22 Weihnachtsbaumaktion Singer Berg<\/a><\/h3><div class=\"raven-post-excerpt\">Weihnachtsb\u00e4ume von Naturschutzfl\u00e4chen<\/div>\t\t<div class=\"raven-post-read-more\">\n\t\t\t<a class=\"raven-post-button\" href=\"https:\/\/natura2000.nfga.de\/gik\/22-12-22-weihnachtsbaumaktion-singer-berg\/\"><span class=\"raven-post-button-text\">weiterlesen<\/span><\/a>\n\t\t<\/div>\n\t\t\t\t\t\t<\/div>\n\t\t\t<\/div>\n\t\t<\/div>\n\t\t\t\t<div class=\"raven-grid-item raven-post-item post-2058 post type-post status-publish format-standard has-post-thumbnail hentry category-allgemein\">\n\t\t\t<div class=\"raven-post\">\n\t\t\t\t\t\t<div class=\"raven-post-image-wrap\">\n\t\t\t<a class=\"raven-post-image raven-image-fit\" href=\"https:\/\/natura2000.nfga.de\/gik\/workshops-fuer-bauhoefe-im-rahmen-des-regionalbudgets-des-ilm-kreis\/\"><img loading=\"lazy\" decoding=\"async\" width=\"1024\" height=\"768\" src=\"https:\/\/natura2000.nfga.de\/gik\/wp-content\/uploads\/sites\/4\/2022\/12\/image00004-min-1024x768.jpeg\" class=\"attachment-large size-large wp-image-2060\" alt=\"\" srcset=\"https:\/\/natura2000.nfga.de\/gik\/wp-content\/uploads\/sites\/4\/2022\/12\/image00004-min-1024x768.jpeg 1024w, https:\/\/natura2000.nfga.de\/gik\/wp-content\/uploads\/sites\/4\/2022\/12\/image00004-min-300x225.jpeg 300w, https:\/\/natura2000.nfga.de\/gik\/wp-content\/uploads\/sites\/4\/2022\/12\/image00004-min-768x576.jpeg 768w, https:\/\/natura2000.nfga.de\/gik\/wp-content\/uploads\/sites\/4\/2022\/12\/image00004-min-1536x1152.jpeg 1536w, https:\/\/natura2000.nfga.de\/gik\/wp-content\/uploads\/sites\/4\/2022\/12\/image00004-min-2048x1536.jpeg 2048w\" sizes=\"(max-width: 1024px) 100vw, 1024px\" \/> <span class=\"raven-post-image-overlay\"><\/span><\/a>\t\t<\/div>\n\t\t\t\t\t\t<div class=\"raven-post-content\">\n\t\t\t\t\t<h3 class=\"raven-post-title\"><a class=\"raven-post-title-link\" href=\"https:\/\/natura2000.nfga.de\/gik\/workshops-fuer-bauhoefe-im-rahmen-des-regionalbudgets-des-ilm-kreis\/\">09.12.22 Workshops f\u00fcr Bauh\u00f6fe im Rahmen des Regionalbudgets des Ilm-Kreis<\/a><\/h3><div class=\"raven-post-excerpt\">Vier Workshops f\u00fcr Bauhofmitarbeiter fanden im Ilm-Kreis an zwei Standorten statt als Teil der Initiative &quot;Ilm-Kreis bl\u00fcht&quot;<\/div>\t\t<div class=\"raven-post-read-more\">\n\t\t\t<a class=\"raven-post-button\" href=\"https:\/\/natura2000.nfga.de\/gik\/workshops-fuer-bauhoefe-im-rahmen-des-regionalbudgets-des-ilm-kreis\/\"><span class=\"raven-post-button-text\">weiterlesen<\/span><\/a>\n\t\t<\/div>\n\t\t\t\t\t\t<\/div>\n\t\t\t<\/div>\n\t\t<\/div>\n\t\t\t\t<div class=\"raven-grid-item raven-post-item post-2075 post type-post status-publish format-standard has-post-thumbnail hentry category-allgemein tag-landschaftspflege tag-landschaftspflegeherde tag-schafe tag-weidewonne tag-ziegen\">\n\t\t\t<div class=\"raven-post\">\n\t\t\t\t\t\t<div class=\"raven-post-image-wrap\">\n\t\t\t<a class=\"raven-post-image raven-image-fit\" href=\"https:\/\/natura2000.nfga.de\/gik\/1-jahr-landschaftspflegeherde\/\"><img loading=\"lazy\" decoding=\"async\" width=\"1024\" height=\"683\" src=\"https:\/\/natura2000.nfga.de\/gik\/wp-content\/uploads\/sites\/4\/2022\/12\/Foto-03.12.21-11-11-22-1024x683.jpg\" class=\"attachment-large size-large wp-image-2078\" alt=\"\" srcset=\"https:\/\/natura2000.nfga.de\/gik\/wp-content\/uploads\/sites\/4\/2022\/12\/Foto-03.12.21-11-11-22-1024x683.jpg 1024w, https:\/\/natura2000.nfga.de\/gik\/wp-content\/uploads\/sites\/4\/2022\/12\/Foto-03.12.21-11-11-22-300x200.jpg 300w, https:\/\/natura2000.nfga.de\/gik\/wp-content\/uploads\/sites\/4\/2022\/12\/Foto-03.12.21-11-11-22-768x512.jpg 768w, https:\/\/natura2000.nfga.de\/gik\/wp-content\/uploads\/sites\/4\/2022\/12\/Foto-03.12.21-11-11-22-1536x1024.jpg 1536w, https:\/\/natura2000.nfga.de\/gik\/wp-content\/uploads\/sites\/4\/2022\/12\/Foto-03.12.21-11-11-22-2048x1365.jpg 2048w\" sizes=\"(max-width: 1024px) 100vw, 1024px\" \/> <span class=\"raven-post-image-overlay\"><\/span><\/a>\t\t<\/div>\n\t\t\t\t\t\t<div class=\"raven-post-content\">\n\t\t\t\t\t<h3 class=\"raven-post-title\"><a class=\"raven-post-title-link\" href=\"https:\/\/natura2000.nfga.de\/gik\/1-jahr-landschaftspflegeherde\/\">25.11.22 Ein Jahr Landschaftspflegeherde<\/a><\/h3><div class=\"raven-post-excerpt\">Die Landschaftpflegeherde feiert ihr einj\u00e4hriges Bestehen<\/div>\t\t<div class=\"raven-post-read-more\">\n\t\t\t<a class=\"raven-post-button\" href=\"https:\/\/natura2000.nfga.de\/gik\/1-jahr-landschaftspflegeherde\/\"><span class=\"raven-post-button-text\">weiterlesen<\/span><\/a>\n\t\t<\/div>\n\t\t\t\t\t\t<\/div>\n\t\t\t<\/div>\n\t\t<\/div>\n\t\t\t\t<div class=\"raven-grid-item raven-post-item post-2047 post type-post status-publish format-standard has-post-thumbnail hentry category-allgemein tag-ehrenamt tag-wachtelkoenig\">\n\t\t\t<div class=\"raven-post\">\n\t\t\t\t\t\t<div class=\"raven-post-image-wrap\">\n\t\t\t<a class=\"raven-post-image raven-image-fit\" href=\"https:\/\/natura2000.nfga.de\/gik\/ehrenamtliche-naturbeobachter-gesucht\/\"><img loading=\"lazy\" decoding=\"async\" width=\"1024\" height=\"499\" src=\"https:\/\/natura2000.nfga.de\/gik\/wp-content\/uploads\/sites\/4\/2022\/12\/Screenshot-2022-12-07-152911-1024x499.jpg\" class=\"attachment-large size-large wp-image-2020\" alt=\"\" srcset=\"https:\/\/natura2000.nfga.de\/gik\/wp-content\/uploads\/sites\/4\/2022\/12\/Screenshot-2022-12-07-152911-1024x499.jpg 1024w, https:\/\/natura2000.nfga.de\/gik\/wp-content\/uploads\/sites\/4\/2022\/12\/Screenshot-2022-12-07-152911-300x146.jpg 300w, https:\/\/natura2000.nfga.de\/gik\/wp-content\/uploads\/sites\/4\/2022\/12\/Screenshot-2022-12-07-152911-768x375.jpg 768w, https:\/\/natura2000.nfga.de\/gik\/wp-content\/uploads\/sites\/4\/2022\/12\/Screenshot-2022-12-07-152911-1536x749.jpg 1536w, https:\/\/natura2000.nfga.de\/gik\/wp-content\/uploads\/sites\/4\/2022\/12\/Screenshot-2022-12-07-152911.jpg 1872w\" sizes=\"(max-width: 1024px) 100vw, 1024px\" \/> <span class=\"raven-post-image-overlay\"><\/span><\/a>\t\t<\/div>\n\t\t\t\t\t\t<div class=\"raven-post-content\">\n\t\t\t\t\t<h3 class=\"raven-post-title\"><a class=\"raven-post-title-link\" href=\"https:\/\/natura2000.nfga.de\/gik\/ehrenamtliche-naturbeobachter-gesucht\/\">Ehrenamtliche Naturbeobachter gesucht!<\/a><\/h3><div class=\"raven-post-excerpt\">Naturbeobachter zur Erfassung des Wachtelk\u00f6nigs gesucht!<\/div>\t\t<div class=\"raven-post-read-more\">\n\t\t\t<a class=\"raven-post-button\" href=\"https:\/\/natura2000.nfga.de\/gik\/ehrenamtliche-naturbeobachter-gesucht\/\"><span class=\"raven-post-button-text\">weiterlesen<\/span><\/a>\n\t\t<\/div>\n\t\t\t\t\t\t<\/div>\n\t\t\t<\/div>\n\t\t<\/div>\n\t\t\t\t<div class=\"raven-grid-item raven-post-item post-2146 post type-post status-publish format-standard has-post-thumbnail hentry category-allgemein\">\n\t\t\t<div class=\"raven-post\">\n\t\t\t\t\t\t<div class=\"raven-post-image-wrap\">\n\t\t\t<a class=\"raven-post-image raven-image-fit\" href=\"https:\/\/natura2000.nfga.de\/gik\/23-09-22-projekttage-gymnasium-neudietendorf\/\"><img loading=\"lazy\" decoding=\"async\" width=\"1024\" height=\"683\" src=\"https:\/\/natura2000.nfga.de\/gik\/wp-content\/uploads\/sites\/4\/2023\/01\/DSCF5002-min-1024x683.jpg\" class=\"attachment-large size-large wp-image-2150\" alt=\"\" srcset=\"https:\/\/natura2000.nfga.de\/gik\/wp-content\/uploads\/sites\/4\/2023\/01\/DSCF5002-min-1024x683.jpg 1024w, https:\/\/natura2000.nfga.de\/gik\/wp-content\/uploads\/sites\/4\/2023\/01\/DSCF5002-min-300x200.jpg 300w, https:\/\/natura2000.nfga.de\/gik\/wp-content\/uploads\/sites\/4\/2023\/01\/DSCF5002-min-768x512.jpg 768w, https:\/\/natura2000.nfga.de\/gik\/wp-content\/uploads\/sites\/4\/2023\/01\/DSCF5002-min-1536x1024.jpg 1536w, https:\/\/natura2000.nfga.de\/gik\/wp-content\/uploads\/sites\/4\/2023\/01\/DSCF5002-min-2048x1365.jpg 2048w\" sizes=\"(max-width: 1024px) 100vw, 1024px\" \/> <span class=\"raven-post-image-overlay\"><\/span><\/a>\t\t<\/div>\n\t\t\t\t\t\t<div class=\"raven-post-content\">\n\t\t\t\t\t<h3 class=\"raven-post-title\"><a class=\"raven-post-title-link\" href=\"https:\/\/natura2000.nfga.de\/gik\/23-09-22-projekttage-gymnasium-neudietendorf\/\">23.09.22 Projekttage Gymnasium Neudietendorf<\/a><\/h3><div class=\"raven-post-excerpt\">21.09-23.09.22 Projekttage zum Thema Streuobst<\/div>\t\t<div class=\"raven-post-read-more\">\n\t\t\t<a class=\"raven-post-button\" href=\"https:\/\/natura2000.nfga.de\/gik\/23-09-22-projekttage-gymnasium-neudietendorf\/\"><span class=\"raven-post-button-text\">weiterlesen<\/span><\/a>\n\t\t<\/div>\n\t\t\t\t\t\t<\/div>\n\t\t\t<\/div>\n\t\t<\/div>\n\t\t\t\t<div class=\"raven-grid-item raven-post-item post-2006 post type-post status-publish format-standard has-post-thumbnail hentry category-allgemein\">\n\t\t\t<div class=\"raven-post\">\n\t\t\t\t\t\t<div class=\"raven-post-image-wrap\">\n\t\t\t<a class=\"raven-post-image raven-image-fit\" href=\"https:\/\/natura2000.nfga.de\/gik\/heinrichhirschkafer\/\"><img loading=\"lazy\" decoding=\"async\" width=\"1024\" height=\"683\" src=\"https:\/\/natura2000.nfga.de\/gik\/wp-content\/uploads\/sites\/4\/2022\/12\/image00029-1024x683.jpeg\" class=\"attachment-large size-large wp-image-2049\" alt=\"\" srcset=\"https:\/\/natura2000.nfga.de\/gik\/wp-content\/uploads\/sites\/4\/2022\/12\/image00029-1024x683.jpeg 1024w, https:\/\/natura2000.nfga.de\/gik\/wp-content\/uploads\/sites\/4\/2022\/12\/image00029-300x200.jpeg 300w, https:\/\/natura2000.nfga.de\/gik\/wp-content\/uploads\/sites\/4\/2022\/12\/image00029-768x512.jpeg 768w, https:\/\/natura2000.nfga.de\/gik\/wp-content\/uploads\/sites\/4\/2022\/12\/image00029-1536x1024.jpeg 1536w, https:\/\/natura2000.nfga.de\/gik\/wp-content\/uploads\/sites\/4\/2022\/12\/image00029-2048x1365.jpeg 2048w\" sizes=\"(max-width: 1024px) 100vw, 1024px\" \/> <span class=\"raven-post-image-overlay\"><\/span><\/a>\t\t<\/div>\n\t\t\t\t\t\t<div class=\"raven-post-content\">\n\t\t\t\t\t<h3 class=\"raven-post-title\"><a class=\"raven-post-title-link\" href=\"https:\/\/natura2000.nfga.de\/gik\/heinrichhirschkafer\/\">Unser Kinderbuch &#8222;Heinrich der Hirschk\u00e4fer-Auf der Streuobstwiese ist was los&#8220; ist da<\/a><\/h3><div class=\"raven-post-excerpt\">Kindgerechte Umweltbildung in einer sch\u00f6nen Geschichte verpackt<\/div>\t\t<div class=\"raven-post-read-more\">\n\t\t\t<a class=\"raven-post-button\" href=\"https:\/\/natura2000.nfga.de\/gik\/heinrichhirschkafer\/\"><span class=\"raven-post-button-text\">weiterlesen<\/span><\/a>\n\t\t<\/div>\n\t\t\t\t\t\t<\/div>\n\t\t\t<\/div>\n\t\t<\/div>\n\t\t\t\t<div class=\"raven-grid-item raven-post-item post-2098 post type-post status-publish format-standard has-post-thumbnail hentry category-allgemein\">\n\t\t\t<div class=\"raven-post\">\n\t\t\t\t\t\t<div class=\"raven-post-image-wrap\">\n\t\t\t<a class=\"raven-post-image raven-image-fit\" href=\"https:\/\/natura2000.nfga.de\/gik\/streuobstwisenfest-dannheim-mit-fledermausnacht\/\"><img loading=\"lazy\" decoding=\"async\" width=\"1024\" height=\"683\" src=\"https:\/\/natura2000.nfga.de\/gik\/wp-content\/uploads\/sites\/4\/2022\/12\/DSCF4311-min-1024x683.jpg\" class=\"attachment-large size-large wp-image-2102\" alt=\"\" srcset=\"https:\/\/natura2000.nfga.de\/gik\/wp-content\/uploads\/sites\/4\/2022\/12\/DSCF4311-min-1024x683.jpg 1024w, https:\/\/natura2000.nfga.de\/gik\/wp-content\/uploads\/sites\/4\/2022\/12\/DSCF4311-min-300x200.jpg 300w, https:\/\/natura2000.nfga.de\/gik\/wp-content\/uploads\/sites\/4\/2022\/12\/DSCF4311-min-768x512.jpg 768w, https:\/\/natura2000.nfga.de\/gik\/wp-content\/uploads\/sites\/4\/2022\/12\/DSCF4311-min-1536x1024.jpg 1536w, https:\/\/natura2000.nfga.de\/gik\/wp-content\/uploads\/sites\/4\/2022\/12\/DSCF4311-min-2048x1365.jpg 2048w\" sizes=\"(max-width: 1024px) 100vw, 1024px\" \/> <span class=\"raven-post-image-overlay\"><\/span><\/a>\t\t<\/div>\n\t\t\t\t\t\t<div class=\"raven-post-content\">\n\t\t\t\t\t<h3 class=\"raven-post-title\"><a class=\"raven-post-title-link\" href=\"https:\/\/natura2000.nfga.de\/gik\/streuobstwisenfest-dannheim-mit-fledermausnacht\/\">01.09.22 Streuobstwiesenfest Dannheim mit Fledermausnacht<\/a><\/h3><div class=\"raven-post-excerpt\">Gemeinsam mit der unteren Naturschutzbeh\u00f6rde Ilm-Kreis, der Ortsgruppe des NABU Dannheim\/Arnstadt, dem Ortsvereins Dannheim und der Kirchgemeinde fand am 1. September ein kleines Streuobstwiesenfest in Dannheim statt.<\/div>\t\t<div class=\"raven-post-read-more\">\n\t\t\t<a class=\"raven-post-button\" href=\"https:\/\/natura2000.nfga.de\/gik\/streuobstwisenfest-dannheim-mit-fledermausnacht\/\"><span class=\"raven-post-button-text\">weiterlesen<\/span><\/a>\n\t\t<\/div>\n\t\t\t\t\t\t<\/div>\n\t\t\t<\/div>\n\t\t<\/div>\n\t\t\t\t<div class=\"raven-grid-item raven-post-item post-1918 post type-post status-publish format-standard has-post-thumbnail hentry category-allgemein\">\n\t\t\t<div class=\"raven-post\">\n\t\t\t\t\t\t<div class=\"raven-post-image-wrap\">\n\t\t\t<a class=\"raven-post-image raven-image-fit\" href=\"https:\/\/natura2000.nfga.de\/gik\/02-07-2022-hirschkaeferfest-auf-der-burg-gleichen-bei-wandersleben\/\"><img loading=\"lazy\" decoding=\"async\" width=\"1024\" height=\"768\" src=\"https:\/\/natura2000.nfga.de\/gik\/wp-content\/uploads\/sites\/4\/2022\/07\/2022-07-02_15-16-39-1024x768.jpeg\" class=\"attachment-large size-large wp-image-1919\" alt=\"\" srcset=\"https:\/\/natura2000.nfga.de\/gik\/wp-content\/uploads\/sites\/4\/2022\/07\/2022-07-02_15-16-39-1024x768.jpeg 1024w, https:\/\/natura2000.nfga.de\/gik\/wp-content\/uploads\/sites\/4\/2022\/07\/2022-07-02_15-16-39-300x225.jpeg 300w, https:\/\/natura2000.nfga.de\/gik\/wp-content\/uploads\/sites\/4\/2022\/07\/2022-07-02_15-16-39-768x576.jpeg 768w, https:\/\/natura2000.nfga.de\/gik\/wp-content\/uploads\/sites\/4\/2022\/07\/2022-07-02_15-16-39-1536x1152.jpeg 1536w, https:\/\/natura2000.nfga.de\/gik\/wp-content\/uploads\/sites\/4\/2022\/07\/2022-07-02_15-16-39-2048x1536.jpeg 2048w\" sizes=\"(max-width: 1024px) 100vw, 1024px\" \/> <span class=\"raven-post-image-overlay\"><\/span><\/a>\t\t<\/div>\n\t\t\t\t\t\t<div class=\"raven-post-content\">\n\t\t\t\t\t<h3 class=\"raven-post-title\"><a class=\"raven-post-title-link\" href=\"https:\/\/natura2000.nfga.de\/gik\/02-07-2022-hirschkaeferfest-auf-der-burg-gleichen-bei-wandersleben\/\">02.07.2022 Hirschk\u00e4ferfest auf der Burg Gleichen<\/a><\/h3><div class=\"raven-post-excerpt\">Das war unser Hirschk\u00e4ferfest 2022<\/div>\t\t<div class=\"raven-post-read-more\">\n\t\t\t<a class=\"raven-post-button\" href=\"https:\/\/natura2000.nfga.de\/gik\/02-07-2022-hirschkaeferfest-auf-der-burg-gleichen-bei-wandersleben\/\"><span class=\"raven-post-button-text\">weiterlesen<\/span><\/a>\n\t\t<\/div>\n\t\t\t\t\t\t<\/div>\n\t\t\t<\/div>\n\t\t<\/div>\n\t\t\t\t<div class=\"raven-grid-item raven-post-item post-329 post type-post status-publish format-standard has-post-thumbnail hentry category-allgemein\">\n\t\t\t<div class=\"raven-post\">\n\t\t\t\t\t\t<div class=\"raven-post-image-wrap\">\n\t\t\t<a class=\"raven-post-image raven-image-fit\" href=\"https:\/\/natura2000.nfga.de\/gik\/soziale-netzwerke\/\"><img loading=\"lazy\" decoding=\"async\" width=\"800\" height=\"533\" src=\"https:\/\/natura2000.nfga.de\/gik\/wp-content\/uploads\/sites\/4\/2021\/12\/Dorffest.jpg\" class=\"attachment-large size-large wp-image-306\" alt=\"\" srcset=\"https:\/\/natura2000.nfga.de\/gik\/wp-content\/uploads\/sites\/4\/2021\/12\/Dorffest.jpg 800w, https:\/\/natura2000.nfga.de\/gik\/wp-content\/uploads\/sites\/4\/2021\/12\/Dorffest-300x200.jpg 300w, https:\/\/natura2000.nfga.de\/gik\/wp-content\/uploads\/sites\/4\/2021\/12\/Dorffest-768x512.jpg 768w\" sizes=\"(max-width: 800px) 100vw, 800px\" \/> <span class=\"raven-post-image-overlay\"><\/span><\/a>\t\t<\/div>\n\t\t\t\t\t\t<div class=\"raven-post-content\">\n\t\t\t\t\t<h3 class=\"raven-post-title\"><a class=\"raven-post-title-link\" href=\"https:\/\/natura2000.nfga.de\/gik\/soziale-netzwerke\/\">Folgen Sie uns in den sozialen Netzwerken<\/a><\/h3><div class=\"raven-post-excerpt\">Unsere Arbeit k\u00f6nnen Sie auch im sozialen Netzwerk Instagram verfolgen.<\/div>\t\t<div class=\"raven-post-read-more\">\n\t\t\t<a class=\"raven-post-button\" href=\"https:\/\/natura2000.nfga.de\/gik\/soziale-netzwerke\/\"><span class=\"raven-post-button-text\">weiterlesen<\/span><\/a>\n\t\t<\/div>\n\t\t\t\t\t\t<\/div>\n\t\t\t<\/div>\n\t\t<\/div>\n\t\t\t\t<\/div>\n\t\t\t\t<\/div>\n\t\t\t\t<\/div>\n\t\t\t\t\t<\/div>\n\t\t<\/div>\n\t\t\t\t<div class=\"elementor-column elementor-col-33 elementor-top-column elementor-element elementor-element-8736356\" data-id=\"8736356\" data-element_type=\"column\">\n\t\t\t<div class=\"elementor-widget-wrap\">\n\t\t\t\t\t\t\t<\/div>\n\t\t<\/div>\n\t\t\t\t\t<\/div>\n\t\t<\/section>\n\t\t\t\t<\/div>\n\t\t","protected":false},"excerpt":{"rendered":"<p>\/*! elementor &#8211; v3.9.2 &#8211; 21-12-2022 *\/ .elementor-widget-image-box .elementor-image-box-content{width:100%}@media (min-width:768px){.elementor-widget-image-box.elementor-position-left .elementor-image-box-wrapper,.elementor-widget-image-box.elementor-position-right .elementor-image-box-wrapper{display:flex}.elementor-widget-image-box.elementor-position-right .elementor-image-box-wrapper{text-align:right;flex-direction:row-reverse}.elementor-widget-image-box.elementor-position-left .elementor-image-box-wrapper{text-align:left;flex-direction:row}.elementor-widget-image-box.elementor-position-top .elementor-image-box-img{margin:auto}.elementor-widget-image-box.elementor-vertical-align-top .elementor-image-box-wrapper{align-items:flex-start}.elementor-widget-image-box.elementor-vertical-align-middle .elementor-image-box-wrapper{align-items:center}.elementor-widget-image-box.elementor-vertical-align-bottom .elementor-image-box-wrapper{align-items:flex-end}}@media (max-width:767px){.elementor-widget-image-box .elementor-image-box-img{margin-left:auto!important;margin-right:auto!important;margin-bottom:15px}}.elementor-widget-image-box .elementor-image-box-img{display:inline-block}.elementor-widget-image-box .elementor-image-box-title a{color:inherit}.elementor-widget-image-box .elementor-image-box-wrapper{text-align:center}.elementor-widget-image-box .elementor-image-box-description{margin:0} Aktuelles 22.12.22 Weihnachtsbaumaktion Singer Berg Weihnachtsb\u00e4ume von Naturschutzfl\u00e4chen weiterlesen 09.12.22 Workshops f\u00fcr Bauh\u00f6fe im Rahmen des Regionalbudgets des Ilm-Kreis Vier Workshops f\u00fcr Bauhofmitarbeiter fanden im Ilm-Kreis an zwei Standorten statt [&hellip;]<\/p>\n","protected":false},"author":1,"featured_media":0,"parent":0,"menu_order":0,"comment_status":"closed","ping_status":"closed","template":"elementor_header_footer","meta":{"_acf_changed":false,"footnotes":""},"class_list":["post-421","page","type-page","status-publish","hentry"],"acf":[],"_links":{"self":[{"href":"https:\/\/natura2000.nfga.de\/gik\/wp-json\/wp\/v2\/pages\/421","targetHints":{"allow":["GET"]}}],"collection":[{"href":"https:\/\/natura2000.nfga.de\/gik\/wp-json\/wp\/v2\/pages"}],"about":[{"href":"https:\/\/natura2000.nfga.de\/gik\/wp-json\/wp\/v2\/types\/page"}],"author":[{"embeddable":true,"href":"https:\/\/natura2000.nfga.de\/gik\/wp-json\/wp\/v2\/users\/1"}],"replies":[{"embeddable":true,"href":"https:\/\/natura2000.nfga.de\/gik\/wp-json\/wp\/v2\/comments?post=421"}],"version-history":[{"count":71,"href":"https:\/\/natura2000.nfga.de\/gik\/wp-json\/wp\/v2\/pages\/421\/revisions"}],"predecessor-version":[{"id":2203,"href":"https:\/\/natura2000.nfga.de\/gik\/wp-json\/wp\/v2\/pages\/421\/revisions\/2203"}],"wp:attachment":[{"href":"https:\/\/natura2000.nfga.de\/gik\/wp-json\/wp\/v2\/media?parent=421"}],"curies":[{"name":"wp","href":"https:\/\/api.w.org\/{rel}","templated":true}]}}