{"id":700,"date":"2022-03-10T11:03:26","date_gmt":"2022-03-10T10:03:26","guid":{"rendered":"https:\/\/natura2000.nfga.de\/gik\/?post_type=portfolio&#038;p=700"},"modified":"2022-03-31T16:30:45","modified_gmt":"2022-03-31T14:30:45","slug":"erstpflegemassnahmen-auf-habitatflaechen","status":"publish","type":"portfolio","link":"https:\/\/natura2000.nfga.de\/gik\/portfolio\/erstpflegemassnahmen-auf-habitatflaechen\/","title":{"rendered":"Durchf\u00fchrung von Erstpflegema\u00dfnahmen auf Habitatfl\u00e4chen der Schmalen Windelschnecke und auf Kalk-Quellmoor-Seggenried-Fl\u00e4chen im FFH Gebiet Nr. 65"},"content":{"rendered":"\t\t<div data-elementor-type=\"wp-post\" data-elementor-id=\"700\" class=\"elementor elementor-700\">\n\t\t\t\t\t\t<section class=\"elementor-section elementor-top-section elementor-element elementor-element-128c44cb elementor-section-height-min-height elementor-section-boxed elementor-section-height-default elementor-section-items-middle\" data-id=\"128c44cb\" data-element_type=\"section\" data-settings=\"{&quot;jet_parallax_layout_list&quot;:[],&quot;background_background&quot;:&quot;classic&quot;}\">\n\t\t\t\t\t\t\t<div class=\"elementor-background-overlay\"><\/div>\n\t\t\t\t\t\t\t<div class=\"elementor-container elementor-column-gap-no\">\n\t\t\t\t\t<div class=\"elementor-column elementor-col-100 elementor-top-column elementor-element elementor-element-21467682\" data-id=\"21467682\" data-element_type=\"column\" data-settings=\"{&quot;background_background&quot;:&quot;classic&quot;}\">\n\t\t\t<div class=\"elementor-widget-wrap elementor-element-populated\">\n\t\t\t\t\t\t<div class=\"elementor-element elementor-element-18b864bc elementor-widget elementor-widget-heading\" data-id=\"18b864bc\" data-element_type=\"widget\" data-widget_type=\"heading.default\">\n\t\t\t\t<div class=\"elementor-widget-container\">\n\t\t\t<h2 class=\"elementor-heading-title elementor-size-default\">NALAP-Projekt<\/h2>\t\t<\/div>\n\t\t\t\t<\/div>\n\t\t\t\t<div class=\"elementor-element elementor-element-403a68a7 elementor-align-center elementor-widget elementor-widget-raven-post-meta\" data-id=\"403a68a7\" data-element_type=\"widget\" data-widget_type=\"raven-post-meta.default\">\n\t\t\t\t<div class=\"elementor-widget-container\">\n\t\t\t\t\t<ul class=\"raven-inline-items raven-icon-list-items raven-post-meta\">\n\t\t\t\t\t<li class=\"raven-icon-list-item elementor-repeater-item-5871e91 raven-inline-item\">\n\t\t\t\t\t\t\t\t\t\t\t\t\t<span class=\"raven-icon-list-text raven-post-meta-item raven-post-meta-item-type-custom\">\n\t\t\t\t\t\t\t\t\t\tDurchf\u00fchrung von Erstpflegema\u00dfnahmen auf Habitatfl\u00e4chen der Schmalen Windelschnecke und auf Kalk-Quellmoor-Seggenried-Fl\u00e4chen im FFH Gebiet Nr. 65\t\t\t\t\t<\/span>\n\t\t\t\t\t\t\t\t<\/li>\n\t\t\t\t<\/ul>\n\t\t\t\t<\/div>\n\t\t\t\t<\/div>\n\t\t\t\t\t<\/div>\n\t\t<\/div>\n\t\t\t\t\t<\/div>\n\t\t<\/section>\n\t\t\t\t<section class=\"elementor-section elementor-top-section elementor-element elementor-element-7f4c576c elementor-section-boxed elementor-section-height-default elementor-section-height-default\" data-id=\"7f4c576c\" data-element_type=\"section\" data-settings=\"{&quot;jet_parallax_layout_list&quot;:[],&quot;background_background&quot;:&quot;classic&quot;}\">\n\t\t\t\t\t\t<div class=\"elementor-container elementor-column-gap-default\">\n\t\t\t\t\t<div class=\"elementor-column elementor-col-33 elementor-top-column elementor-element elementor-element-4c9e826e\" data-id=\"4c9e826e\" data-element_type=\"column\">\n\t\t\t<div class=\"elementor-widget-wrap\">\n\t\t\t\t\t\t\t<\/div>\n\t\t<\/div>\n\t\t\t\t<div class=\"elementor-column elementor-col-33 elementor-top-column elementor-element elementor-element-264c0e9b\" data-id=\"264c0e9b\" data-element_type=\"column\">\n\t\t\t<div class=\"elementor-widget-wrap elementor-element-populated\">\n\t\t\t\t\t\t<div class=\"elementor-element elementor-element-453a3f78 elementor-widget elementor-widget-text-editor\" data-id=\"453a3f78\" data-element_type=\"widget\" data-widget_type=\"text-editor.default\">\n\t\t\t\t<div class=\"elementor-widget-container\">\n\t\t\t\t\t\t\t<p>Durchf\u00fchrung einer schonenden Pflegemahd von Habitatfl\u00e4chen der Schmalen Windelschnecke (<i>Vertigo angustior<\/i>) im FND \u201eIm Winkel\u201c bei Kleinbreitenbach\/ Plaue im FFH-Gebiet \u201eGro\u00dfe Luppe \u2013 Reinsberg \u2013 Veronicaberg\u201c.<\/p><p>\u00dcber den Zeitraum von 2 Jahren (2020 und 2021) wurde die 0,94 ha gro\u00dfe Habitatfl\u00e4che abschnittsweise gem\u00e4ht.<\/p><p>Nutzungsauffassung und N\u00e4hrstoffanreicherung f\u00fchrte zur Verfilzung der Vegetation und Dominanz der hochw\u00fcchsigen Sumpfsegge. Durch die Pflegemahd wird wieder eine lichtere und niedrig w\u00fcchsigere Vegetations entwickelt, die die Schmale Windelschnecke bevorzugt.<\/p><p>Die nur knapp 2 mm gro\u00dfe FFH-Art lebt in der Streuschicht von m\u00f6glichst permanent feuchten Standorten in sonnenexponierte Lage. Aufgrund von Lebensraumverlust ist ihr Bestand in Th\u00fcringen stark gef\u00e4hrdet (Roter Liste Kat. 2).<span class=\"Apple-converted-space\">\u00a0<\/span><\/p>\t\t\t\t\t\t<\/div>\n\t\t\t\t<\/div>\n\t\t\t\t<div class=\"elementor-element elementor-element-20cbe330 gallery-spacing-custom elementor-widget elementor-widget-image-gallery\" data-id=\"20cbe330\" data-element_type=\"widget\" data-widget_type=\"image-gallery.default\">\n\t\t\t\t<div class=\"elementor-widget-container\">\n\t\t\t\t\t<div class=\"elementor-image-gallery\">\n\t\t\t<div id='gallery-1' class='gallery galleryid-700 gallery-columns-2 gallery-size-full'><figure class='gallery-item'>\n\t\t\t<div class='gallery-icon landscape'>\n\t\t\t\t<img fetchpriority=\"high\" decoding=\"async\" width=\"800\" height=\"533\" src=\"https:\/\/natura2000.nfga.de\/gik\/wp-content\/uploads\/sites\/4\/2022\/03\/Projekt_Windelschnecke_2.jpg\" class=\"attachment-full size-full\" alt=\"\" aria-describedby=\"gallery-1-757\" srcset=\"https:\/\/natura2000.nfga.de\/gik\/wp-content\/uploads\/sites\/4\/2022\/03\/Projekt_Windelschnecke_2.jpg 800w, https:\/\/natura2000.nfga.de\/gik\/wp-content\/uploads\/sites\/4\/2022\/03\/Projekt_Windelschnecke_2-300x200.jpg 300w, https:\/\/natura2000.nfga.de\/gik\/wp-content\/uploads\/sites\/4\/2022\/03\/Projekt_Windelschnecke_2-768x512.jpg 768w\" sizes=\"(max-width: 800px) 100vw, 800px\" \/>\n\t\t\t<\/div>\n\t\t\t\t<figcaption class='wp-caption-text gallery-caption' id='gallery-1-757'>\n\t\t\t\tvorher\n\t\t\t\t<\/figcaption><\/figure><figure class='gallery-item'>\n\t\t\t<div class='gallery-icon landscape'>\n\t\t\t\t<img decoding=\"async\" width=\"800\" height=\"533\" src=\"https:\/\/natura2000.nfga.de\/gik\/wp-content\/uploads\/sites\/4\/2022\/03\/Projekt_Windelschnecke.jpg\" class=\"attachment-full size-full\" alt=\"\" aria-describedby=\"gallery-1-758\" srcset=\"https:\/\/natura2000.nfga.de\/gik\/wp-content\/uploads\/sites\/4\/2022\/03\/Projekt_Windelschnecke.jpg 800w, https:\/\/natura2000.nfga.de\/gik\/wp-content\/uploads\/sites\/4\/2022\/03\/Projekt_Windelschnecke-300x200.jpg 300w, https:\/\/natura2000.nfga.de\/gik\/wp-content\/uploads\/sites\/4\/2022\/03\/Projekt_Windelschnecke-768x512.jpg 768w\" sizes=\"(max-width: 800px) 100vw, 800px\" \/>\n\t\t\t<\/div>\n\t\t\t\t<figcaption class='wp-caption-text gallery-caption' id='gallery-1-758'>\n\t\t\t\tnachher\n\t\t\t\t<\/figcaption><\/figure>\n\t\t<\/div>\n\t\t<\/div>\n\t\t\t\t<\/div>\n\t\t\t\t<\/div>\n\t\t\t\t<div class=\"elementor-element elementor-element-7f52bae6 elementor-widget elementor-widget-button\" data-id=\"7f52bae6\" data-element_type=\"widget\" data-widget_type=\"button.default\">\n\t\t\t\t<div class=\"elementor-widget-container\">\n\t\t\t\t\t\t\t<div class=\"elementor-button-wrapper\">\n\t\t\t\t\t<a class=\"elementor-button elementor-button-link elementor-size-sm\" href=\"https:\/\/natura2000.nfga.de\/gik\/projekte\/#nalap\">\n\t\t\t\t\t\t<span class=\"elementor-button-content-wrapper\">\n\t\t\t\t\t\t<span class=\"elementor-button-icon\">\n\t\t\t\t<i aria-hidden=\"true\" class=\"fas fa-arrow-left\"><\/i>\t\t\t<\/span>\n\t\t\t\t\t\t\t\t\t<span class=\"elementor-button-text\">Zur \u00dcbersicht<\/span>\n\t\t\t\t\t<\/span>\n\t\t\t\t\t<\/a>\n\t\t\t\t<\/div>\n\t\t\t\t\t\t<\/div>\n\t\t\t\t<\/div>\n\t\t\t\t\t<\/div>\n\t\t<\/div>\n\t\t\t\t<div class=\"elementor-column elementor-col-33 elementor-top-column elementor-element elementor-element-6adea6a3\" data-id=\"6adea6a3\" data-element_type=\"column\">\n\t\t\t<div class=\"elementor-widget-wrap\">\n\t\t\t\t\t\t\t<\/div>\n\t\t<\/div>\n\t\t\t\t\t<\/div>\n\t\t<\/section>\n\t\t\t\t<\/div>\n\t\t","protected":false},"excerpt":{"rendered":"<p>NALAP-Projekt Durchf\u00fchrung einer schonenden Pflegemahd von Habitatfl\u00e4chen der Schmalen Windelschnecke (Vertigo angustior) im FND \u201eIm Winkel\u201c bei Kleinbreitenbach\/ Plaue im FFH-Gebiet \u201eGro\u00dfe Luppe \u2013 Reinsberg \u2013 Veronicaberg\u201c. \u00dcber den Zeitraum von 2 Jahren (2020 und 2021) wurde die 0,94 ha gro\u00dfe Habitatfl\u00e4che abschnittsweise gem\u00e4ht. Nutzungsauffassung und N\u00e4hrstoffanreicherung f\u00fchrte zur Verfilzung der Vegetation und Dominanz der [&hellip;]<\/p>\n","protected":false},"author":1,"featured_media":758,"menu_order":0,"comment_status":"closed","ping_status":"closed","template":"elementor_header_footer","portfolio_category":[8],"portfolio_tag":[],"class_list":["post-700","portfolio","type-portfolio","status-publish","has-post-thumbnail","hentry","portfolio_category-enl-projekt"],"acf":[],"_links":{"self":[{"href":"https:\/\/natura2000.nfga.de\/gik\/wp-json\/wp\/v2\/portfolio\/700","targetHints":{"allow":["GET"]}}],"collection":[{"href":"https:\/\/natura2000.nfga.de\/gik\/wp-json\/wp\/v2\/portfolio"}],"about":[{"href":"https:\/\/natura2000.nfga.de\/gik\/wp-json\/wp\/v2\/types\/portfolio"}],"author":[{"embeddable":true,"href":"https:\/\/natura2000.nfga.de\/gik\/wp-json\/wp\/v2\/users\/1"}],"replies":[{"embeddable":true,"href":"https:\/\/natura2000.nfga.de\/gik\/wp-json\/wp\/v2\/comments?post=700"}],"version-history":[{"count":77,"href":"https:\/\/natura2000.nfga.de\/gik\/wp-json\/wp\/v2\/portfolio\/700\/revisions"}],"predecessor-version":[{"id":1872,"href":"https:\/\/natura2000.nfga.de\/gik\/wp-json\/wp\/v2\/portfolio\/700\/revisions\/1872"}],"wp:featuredmedia":[{"embeddable":true,"href":"https:\/\/natura2000.nfga.de\/gik\/wp-json\/wp\/v2\/media\/758"}],"wp:attachment":[{"href":"https:\/\/natura2000.nfga.de\/gik\/wp-json\/wp\/v2\/media?parent=700"}],"wp:term":[{"taxonomy":"portfolio_category","embeddable":true,"href":"https:\/\/natura2000.nfga.de\/gik\/wp-json\/wp\/v2\/portfolio_category?post=700"},{"taxonomy":"portfolio_tag","embeddable":true,"href":"https:\/\/natura2000.nfga.de\/gik\/wp-json\/wp\/v2\/portfolio_tag?post=700"}],"curies":[{"name":"wp","href":"https:\/\/api.w.org\/{rel}","templated":true}]}}